{"id":26914,"date":"2022-03-23T16:38:43","date_gmt":"2022-03-23T15:38:43","guid":{"rendered":"https:\/\/www.empack-schweiz.ch\/?page_id=26914"},"modified":"2025-11-21T14:49:54","modified_gmt":"2025-11-21T13:49:54","slug":"messeblog","status":"publish","type":"page","link":"https:\/\/www.empack-schweiz.ch\/de\/messeblog\/","title":{"rendered":"Messeblog"},"content":{"rendered":"\t\t<div data-elementor-type=\"wp-page\" data-elementor-id=\"26914\" class=\"elementor elementor-26914\" data-elementor-post-type=\"page\">\n\t\t\t\t\t\t<section class=\"elementor-section elementor-top-section elementor-element elementor-element-3394a059 elementor-section-content-middle elementor-section-full_width elementor-section-height-default elementor-section-height-default\" data-id=\"3394a059\" data-element_type=\"section\">\n\t\t\t\t\t\t<div class=\"elementor-container elementor-column-gap-no\">\n\t\t\t\t\t<div class=\"elementor-column elementor-col-50 elementor-top-column elementor-element elementor-element-17da75ba\" data-id=\"17da75ba\" data-element_type=\"column\" data-settings=\"{&quot;background_background&quot;:&quot;classic&quot;}\">\n\t\t\t<div class=\"elementor-widget-wrap elementor-element-populated\">\n\t\t\t\t\t\t<div class=\"elementor-element elementor-element-3d8b86bc elementor-widget elementor-widget-spacer\" data-id=\"3d8b86bc\" data-element_type=\"widget\" data-widget_type=\"spacer.default\">\n\t\t\t\t<div class=\"elementor-widget-container\">\n\t\t\t\t\t\t\t<div class=\"elementor-spacer\">\n\t\t\t<div class=\"elementor-spacer-inner\"><\/div>\n\t\t<\/div>\n\t\t\t\t\t\t<\/div>\n\t\t\t\t<\/div>\n\t\t\t\t\t<\/div>\n\t\t<\/div>\n\t\t\t\t<div class=\"elementor-column elementor-col-50 elementor-top-column elementor-element elementor-element-290129c1\" data-id=\"290129c1\" data-element_type=\"column\" data-settings=\"{&quot;background_background&quot;:&quot;classic&quot;}\">\n\t\t\t<div class=\"elementor-widget-wrap elementor-element-populated\">\n\t\t\t\t\t\t<div class=\"elementor-element elementor-element-212dc032 elementor-widget elementor-widget-heading\" data-id=\"212dc032\" data-element_type=\"widget\" data-widget_type=\"heading.default\">\n\t\t\t\t<div class=\"elementor-widget-container\">\n\t\t\t\t\t<h5 class=\"elementor-heading-title elementor-size-default\">Industry Insights<\/h5>\t\t\t\t<\/div>\n\t\t\t\t<\/div>\n\t\t\t\t<div class=\"elementor-element elementor-element-46a8dad4 elementor-widget elementor-widget-heading\" data-id=\"46a8dad4\" data-element_type=\"widget\" data-widget_type=\"heading.default\">\n\t\t\t\t<div class=\"elementor-widget-container\">\n\t\t\t\t\t<h2 class=\"elementor-heading-title elementor-size-default\">Industry Insights <u>EMPACK<\/u><\/h2>\t\t\t\t<\/div>\n\t\t\t\t<\/div>\n\t\t\t\t<div class=\"elementor-element elementor-element-17f0708a elementor-widget elementor-widget-text-editor\" data-id=\"17f0708a\" data-element_type=\"widget\" data-widget_type=\"text-editor.default\">\n\t\t\t\t<div class=\"elementor-widget-container\">\n\t\t\t\t\t\t\t\t\tFor the Swiss packaging community\t\t\t\t\t\t\t\t<\/div>\n\t\t\t\t<\/div>\n\t\t\t\t<div class=\"elementor-element elementor-element-6a020c77 elementor-widget elementor-widget-button\" data-id=\"6a020c77\" data-element_type=\"widget\" data-widget_type=\"button.default\">\n\t\t\t\t<div class=\"elementor-widget-container\">\n\t\t\t\t\t\t\t\t\t<div class=\"elementor-button-wrapper\">\n\t\t\t\t\t<a class=\"elementor-button elementor-button-link elementor-size-sm\" href=\"#content\">\n\t\t\t\t\t\t<span class=\"elementor-button-content-wrapper\">\n\t\t\t\t\t\t<span class=\"elementor-button-icon\">\n\t\t\t\t<i aria-hidden=\"true\" class=\"fas fa-arrow-right\"><\/i>\t\t\t<\/span>\n\t\t\t\t\t\t\t\t\t<span class=\"elementor-button-text\">mehr lesen<\/span>\n\t\t\t\t\t<\/span>\n\t\t\t\t\t<\/a>\n\t\t\t\t<\/div>\n\t\t\t\t\t\t\t\t<\/div>\n\t\t\t\t<\/div>\n\t\t\t\t\t<\/div>\n\t\t<\/div>\n\t\t\t\t\t<\/div>\n\t\t<\/section>\n\t\t\t\t<section class=\"elementor-section elementor-top-section elementor-element elementor-element-3acc7a8f elementor-section-boxed elementor-section-height-default elementor-section-height-default\" data-id=\"3acc7a8f\" data-element_type=\"section\" id=\"content\">\n\t\t\t\t\t\t<div class=\"elementor-container elementor-column-gap-no\">\n\t\t\t\t\t<div class=\"elementor-column elementor-col-50 elementor-top-column elementor-element elementor-element-bd133d4\" data-id=\"bd133d4\" data-element_type=\"column\">\n\t\t\t<div class=\"elementor-widget-wrap elementor-element-populated\">\n\t\t\t\t\t\t<div class=\"elementor-element elementor-element-2743dcb3 elementor-widget elementor-widget-button\" data-id=\"2743dcb3\" data-element_type=\"widget\" data-widget_type=\"button.default\">\n\t\t\t\t<div class=\"elementor-widget-container\">\n\t\t\t\t\t\t\t\t\t<div class=\"elementor-button-wrapper\">\n\t\t\t\t\t<a class=\"elementor-button elementor-size-sm\" role=\"button\">\n\t\t\t\t\t\t<span class=\"elementor-button-content-wrapper\">\n\t\t\t\t\t\t\t\t\t<span class=\"elementor-button-text\">Beliebteste Beitr\u00e4ge<\/span>\n\t\t\t\t\t<\/span>\n\t\t\t\t\t<\/a>\n\t\t\t\t<\/div>\n\t\t\t\t\t\t\t\t<\/div>\n\t\t\t\t<\/div>\n\t\t\t\t<div class=\"elementor-element elementor-element-1ed0c756 elementor-grid-1 elementor-posts--thumbnail-none elementor-grid-tablet-2 elementor-grid-mobile-1 elementor-widget elementor-widget-posts\" data-id=\"1ed0c756\" data-element_type=\"widget\" data-settings=\"{&quot;classic_columns&quot;:&quot;1&quot;,&quot;classic_columns_tablet&quot;:&quot;2&quot;,&quot;classic_columns_mobile&quot;:&quot;1&quot;,&quot;classic_row_gap&quot;:{&quot;unit&quot;:&quot;px&quot;,&quot;size&quot;:35,&quot;sizes&quot;:[]},&quot;classic_row_gap_tablet&quot;:{&quot;unit&quot;:&quot;px&quot;,&quot;size&quot;:&quot;&quot;,&quot;sizes&quot;:[]},&quot;classic_row_gap_mobile&quot;:{&quot;unit&quot;:&quot;px&quot;,&quot;size&quot;:&quot;&quot;,&quot;sizes&quot;:[]}}\" data-widget_type=\"posts.classic\">\n\t\t\t\t<div class=\"elementor-widget-container\">\n\t\t\t\t\t\t\t<div class=\"elementor-posts-container elementor-posts elementor-posts--skin-classic elementor-grid\" role=\"list\">\n\t\t\t\t<article class=\"elementor-post elementor-grid-item post-181930 post type-post status-publish format-standard has-post-thumbnail hentry category-podcast tag-advanced-recycling tag-co2-transparenz tag-innovation tag-myclimate tag-saropack\" role=\"listitem\">\n\t\t\t\t<div class=\"elementor-post__text\">\n\t\t\t\t<p class=\"elementor-post__title\">\n\t\t\t<a href=\"https:\/\/www.empack-schweiz.ch\/de\/2025\/11\/21\/podcast-mit-urs-stillhard-geschaeftsleiter-saropack-ottavio-scata-teamleiter-corporate-partnership-bei-der-stiftung-myclimate\/\" >\n\t\t\t\tPodcast mit Urs Stillhard, Gesch\u00e4ftsleiter Saropack, &#038; Ottavio Scat\u00e0, Teamleiter Corporate Partnership bei der Stiftung myclimate\t\t\t<\/a>\n\t\t<\/p>\n\t\t\t\t<\/div>\n\t\t\t\t<\/article>\n\t\t\t\t<article class=\"elementor-post elementor-grid-item post-181905 post type-post status-publish format-standard has-post-thumbnail hentry category-interview tag-empack tag-packaging tag-swiss-recycling\" role=\"listitem\">\n\t\t\t\t<div class=\"elementor-post__text\">\n\t\t\t\t<p class=\"elementor-post__title\">\n\t\t\t<a href=\"https:\/\/www.empack-schweiz.ch\/de\/2025\/11\/21\/empack-stellt-5-fragen-an-rahel-ostgen-co-geschaeftsleiterin-swiss-recycle\/\" >\n\t\t\t\tEMPACK stellt 5 Fragen an Rahel Ostgen, Co-Gesch\u00e4ftsleiterin, SWISS RECYCLE\t\t\t<\/a>\n\t\t<\/p>\n\t\t\t\t<\/div>\n\t\t\t\t<\/article>\n\t\t\t\t<article class=\"elementor-post elementor-grid-item post-174098 post type-post status-publish format-standard has-post-thumbnail hentry category-beitrag tag-verpackungsindustrie\" role=\"listitem\">\n\t\t\t\t<div class=\"elementor-post__text\">\n\t\t\t\t<p class=\"elementor-post__title\">\n\t\t\t<a href=\"https:\/\/www.empack-schweiz.ch\/de\/2025\/09\/04\/verpackungsindustrie-neue-chancen-durch-eu-vorgaben\/\" >\n\t\t\t\tVerpackungsindustrie: Neue Chancen durch EU-Vorgaben?\t\t\t<\/a>\n\t\t<\/p>\n\t\t\t\t<\/div>\n\t\t\t\t<\/article>\n\t\t\t\t<\/div>\n\t\t\n\t\t\t\t\t\t<\/div>\n\t\t\t\t<\/div>\n\t\t\t\t<div class=\"elementor-element elementor-element-468fc173 elementor-widget elementor-widget-button\" data-id=\"468fc173\" data-element_type=\"widget\" data-widget_type=\"button.default\">\n\t\t\t\t<div class=\"elementor-widget-container\">\n\t\t\t\t\t\t\t\t\t<div class=\"elementor-button-wrapper\">\n\t\t\t\t\t<a class=\"elementor-button elementor-size-sm\" role=\"button\">\n\t\t\t\t\t\t<span class=\"elementor-button-content-wrapper\">\n\t\t\t\t\t\t\t\t\t<span class=\"elementor-button-text\">Sonstige Beitr\u00e4ge<\/span>\n\t\t\t\t\t<\/span>\n\t\t\t\t\t<\/a>\n\t\t\t\t<\/div>\n\t\t\t\t\t\t\t\t<\/div>\n\t\t\t\t<\/div>\n\t\t\t\t\t<\/div>\n\t\t<\/div>\n\t\t\t\t<div class=\"elementor-column elementor-col-50 elementor-top-column elementor-element elementor-element-559b8f63\" data-id=\"559b8f63\" data-element_type=\"column\" data-settings=\"{&quot;background_background&quot;:&quot;classic&quot;}\">\n\t\t\t<div class=\"elementor-widget-wrap elementor-element-populated\">\n\t\t\t\t\t\t<div class=\"elementor-element elementor-element-44a8263b elementor-posts--thumbnail-header elementor-grid-3 elementor-grid-tablet-2 elementor-grid-mobile-1 elementor-card-shadow-yes elementor-posts__hover-gradient elementor-widget elementor-widget-posts\" data-id=\"44a8263b\" data-element_type=\"widget\" data-settings=\"{&quot;cards_wex_columns&quot;:&quot;3&quot;,&quot;cards_wex_columns_tablet&quot;:&quot;2&quot;,&quot;cards_wex_columns_mobile&quot;:&quot;1&quot;,&quot;cards_wex_row_gap&quot;:{&quot;unit&quot;:&quot;px&quot;,&quot;size&quot;:35,&quot;sizes&quot;:[]},&quot;cards_wex_row_gap_tablet&quot;:{&quot;unit&quot;:&quot;px&quot;,&quot;size&quot;:&quot;&quot;,&quot;sizes&quot;:[]},&quot;cards_wex_row_gap_mobile&quot;:{&quot;unit&quot;:&quot;px&quot;,&quot;size&quot;:&quot;&quot;,&quot;sizes&quot;:[]}}\" data-widget_type=\"posts.cards_wex\">\n\t\t\t\t<div class=\"elementor-widget-container\">\n\t\t\t\t\t\t\t<div class=\"elementor-posts-container elementor-posts elementor-posts--skin-cards elementor-grid\" role=\"list\">\n\t\t\t\t<article class=\"elementor-post elementor-grid-item post-181930 post type-post status-publish format-standard has-post-thumbnail hentry category-podcast tag-advanced-recycling tag-co2-transparenz tag-innovation tag-myclimate tag-saropack\" role=\"listitem\">\n\t\t\t<div class=\"elementor-post__card\">\n\t\t        <a class=\"elementor-post__thumbnail__link\" href=\"https:\/\/www.empack-schweiz.ch\/de\/2025\/11\/21\/podcast-mit-urs-stillhard-geschaeftsleiter-saropack-ottavio-scata-teamleiter-corporate-partnership-bei-der-stiftung-myclimate\/\">\n            <div class=\"elementor-post__thumbnail\"><img fetchpriority=\"high\" decoding=\"async\" width=\"1920\" height=\"1920\" src=\"https:\/\/easyfairsassets.com\/sites\/95\/2025\/11\/Podcast-Cover_EMPACK-2026.jpg\" class=\"attachment-full size-full wp-image-181932\" alt=\"\" srcset=\"https:\/\/easyfairsassets.com\/sites\/95\/2025\/11\/Podcast-Cover_EMPACK-2026.jpg 1920w, https:\/\/easyfairsassets.com\/sites\/95\/2025\/11\/Podcast-Cover_EMPACK-2026-300x300.jpg 300w, https:\/\/easyfairsassets.com\/sites\/95\/2025\/11\/Podcast-Cover_EMPACK-2026-1024x1024.jpg 1024w, https:\/\/easyfairsassets.com\/sites\/95\/2025\/11\/Podcast-Cover_EMPACK-2026-150x150.jpg 150w, https:\/\/easyfairsassets.com\/sites\/95\/2025\/11\/Podcast-Cover_EMPACK-2026-768x768.jpg 768w, https:\/\/easyfairsassets.com\/sites\/95\/2025\/11\/Podcast-Cover_EMPACK-2026-1536x1536.jpg 1536w\" sizes=\"(max-width: 1920px) 100vw, 1920px\" \/><\/div>\n        <\/a>\n                    <div class=\"elementor-post__badge\">Podcast<\/div>\n            \t\t<div class=\"elementor-post__text\">\n\t\t\n            <small style=\"color: #dd;\">\n                            <\/small>\n\n            \t\t<h3 class=\"elementor-post__title\">\n\t\t\t<a href=\"https:\/\/www.empack-schweiz.ch\/de\/2025\/11\/21\/podcast-mit-urs-stillhard-geschaeftsleiter-saropack-ottavio-scata-teamleiter-corporate-partnership-bei-der-stiftung-myclimate\/\" >\n\t\t\t\tPodcast mit Urs Stillhard, Gesch\u00e4ftsleiter Saropack, &#038; Ottavio Scat\u00e0, Teamleiter Corporate Partnership bei der Stiftung myclimate\t\t\t<\/a>\n\t\t<\/h3>\n\t\t        <a href=\"https:\/\/www.empack-schweiz.ch\/de\/2025\/11\/21\/podcast-mit-urs-stillhard-geschaeftsleiter-saropack-ottavio-scata-teamleiter-corporate-partnership-bei-der-stiftung-myclimate\/\" class=\"elementor-post__excerpt\">\n            <p class=\"MsoNormal\">Anl\u00e4sslich der \u00abEMPACK 2026\u00bb sprachen wir mit Saropack-Gesch\u00e4ftsleiter Urs Stillhard und Ottavio Scat\u00e0, Teamleiter Corporate Partnerships bei der Stiftung myclimate. Im Gespr\u00e4ch erfahren wir nicht nur, wie Nachhaltigkeit messbar wird, sondern auch wie Innovation, Advanced Recycling und CO\u2082-Transparenz die Verpackungswelt ver\u00e4ndern.<\/p>\n        <\/a>\n        \n\t\t<a class=\"elementor-post__read-more\" href=\"https:\/\/www.empack-schweiz.ch\/de\/2025\/11\/21\/podcast-mit-urs-stillhard-geschaeftsleiter-saropack-ottavio-scata-teamleiter-corporate-partnership-bei-der-stiftung-myclimate\/\" aria-label=\"Read more about Podcast mit Urs Stillhard, Gesch\u00e4ftsleiter Saropack, &#038; Ottavio Scat\u00e0, Teamleiter Corporate Partnership bei der Stiftung myclimate\" tabindex=\"-1\" >\n\t\t\tWeiterlesen \u00bb\t\t<\/a>\n\n\t\t        <div class=\"elementor-post__meta-data\">\n            \t\t<span class=\"elementor-post-date\">\n\t\t\t21 November 2025\t\t<\/span>\n\t\t\t\t<span class=\"elementor-post-avatar\">\n\t\t\tKeine Kommentare\t\t<\/span>\n\t\t        <\/div>\n        \t\t<\/div>\n\t\t\t\t\t<\/div>\n\t\t<\/article>\n\t\t\t\t<article class=\"elementor-post elementor-grid-item post-181905 post type-post status-publish format-standard has-post-thumbnail hentry category-interview tag-empack tag-packaging tag-swiss-recycling\" role=\"listitem\">\n\t\t\t<div class=\"elementor-post__card\">\n\t\t        <a class=\"elementor-post__thumbnail__link\" href=\"https:\/\/www.empack-schweiz.ch\/de\/2025\/11\/21\/empack-stellt-5-fragen-an-rahel-ostgen-co-geschaeftsleiterin-swiss-recycle\/\">\n            <div class=\"elementor-post__thumbnail\"><img decoding=\"async\" width=\"1920\" height=\"1080\" src=\"https:\/\/easyfairsassets.com\/sites\/95\/2025\/11\/Rahel-Ostgen_5-Fragen-an.jpg\" class=\"attachment-full size-full wp-image-181907\" alt=\"\" srcset=\"https:\/\/easyfairsassets.com\/sites\/95\/2025\/11\/Rahel-Ostgen_5-Fragen-an.jpg 1920w, https:\/\/easyfairsassets.com\/sites\/95\/2025\/11\/Rahel-Ostgen_5-Fragen-an-300x169.jpg 300w, https:\/\/easyfairsassets.com\/sites\/95\/2025\/11\/Rahel-Ostgen_5-Fragen-an-1024x576.jpg 1024w, https:\/\/easyfairsassets.com\/sites\/95\/2025\/11\/Rahel-Ostgen_5-Fragen-an-768x432.jpg 768w, https:\/\/easyfairsassets.com\/sites\/95\/2025\/11\/Rahel-Ostgen_5-Fragen-an-1536x864.jpg 1536w\" sizes=\"(max-width: 1920px) 100vw, 1920px\" \/><\/div>\n        <\/a>\n                    <div class=\"elementor-post__badge\">Interview<\/div>\n            \t\t<div class=\"elementor-post__text\">\n\t\t\n            <small style=\"color: #dd;\">\n                            <\/small>\n\n            \t\t<h3 class=\"elementor-post__title\">\n\t\t\t<a href=\"https:\/\/www.empack-schweiz.ch\/de\/2025\/11\/21\/empack-stellt-5-fragen-an-rahel-ostgen-co-geschaeftsleiterin-swiss-recycle\/\" >\n\t\t\t\tEMPACK stellt 5 Fragen an Rahel Ostgen, Co-Gesch\u00e4ftsleiterin, SWISS RECYCLE\t\t\t<\/a>\n\t\t<\/h3>\n\t\t        <a href=\"https:\/\/www.empack-schweiz.ch\/de\/2025\/11\/21\/empack-stellt-5-fragen-an-rahel-ostgen-co-geschaeftsleiterin-swiss-recycle\/\" class=\"elementor-post__excerpt\">\n            <p>EMPACK stellt 5 Fragen an Rahel Ostgen, Co-Gesch\u00e4ftsleiterin, SWISS RECYCLE<\/p>\n        <\/a>\n        \n\t\t<a class=\"elementor-post__read-more\" href=\"https:\/\/www.empack-schweiz.ch\/de\/2025\/11\/21\/empack-stellt-5-fragen-an-rahel-ostgen-co-geschaeftsleiterin-swiss-recycle\/\" aria-label=\"Read more about EMPACK stellt 5 Fragen an Rahel Ostgen, Co-Gesch\u00e4ftsleiterin, SWISS RECYCLE\" tabindex=\"-1\" >\n\t\t\tWeiterlesen \u00bb\t\t<\/a>\n\n\t\t        <div class=\"elementor-post__meta-data\">\n            \t\t<span class=\"elementor-post-date\">\n\t\t\t21 November 2025\t\t<\/span>\n\t\t\t\t<span class=\"elementor-post-avatar\">\n\t\t\tKeine Kommentare\t\t<\/span>\n\t\t        <\/div>\n        \t\t<\/div>\n\t\t\t\t\t<\/div>\n\t\t<\/article>\n\t\t\t\t<article class=\"elementor-post elementor-grid-item post-174098 post type-post status-publish format-standard has-post-thumbnail hentry category-beitrag tag-verpackungsindustrie\" role=\"listitem\">\n\t\t\t<div class=\"elementor-post__card\">\n\t\t        <a class=\"elementor-post__thumbnail__link\" href=\"https:\/\/www.empack-schweiz.ch\/de\/2025\/09\/04\/verpackungsindustrie-neue-chancen-durch-eu-vorgaben\/\">\n            <div class=\"elementor-post__thumbnail\"><img decoding=\"async\" width=\"1200\" height=\"675\" src=\"https:\/\/easyfairsassets.com\/sites\/95\/2025\/09\/PACK_Kreislaufwirtschaft_PPWR_Unsplash.jpg\" class=\"attachment-full size-full wp-image-174100\" alt=\"\" srcset=\"https:\/\/easyfairsassets.com\/sites\/95\/2025\/09\/PACK_Kreislaufwirtschaft_PPWR_Unsplash.jpg 1200w, https:\/\/easyfairsassets.com\/sites\/95\/2025\/09\/PACK_Kreislaufwirtschaft_PPWR_Unsplash-300x169.jpg 300w, https:\/\/easyfairsassets.com\/sites\/95\/2025\/09\/PACK_Kreislaufwirtschaft_PPWR_Unsplash-1024x576.jpg 1024w, https:\/\/easyfairsassets.com\/sites\/95\/2025\/09\/PACK_Kreislaufwirtschaft_PPWR_Unsplash-768x432.jpg 768w\" sizes=\"(max-width: 1200px) 100vw, 1200px\" \/><\/div>\n        <\/a>\n                    <div class=\"elementor-post__badge\">Beitrag<\/div>\n            \t\t<div class=\"elementor-post__text\">\n\t\t\n            <small style=\"color: #dd;\">\n                            <\/small>\n\n            \t\t<h3 class=\"elementor-post__title\">\n\t\t\t<a href=\"https:\/\/www.empack-schweiz.ch\/de\/2025\/09\/04\/verpackungsindustrie-neue-chancen-durch-eu-vorgaben\/\" >\n\t\t\t\tVerpackungsindustrie: Neue Chancen durch EU-Vorgaben?\t\t\t<\/a>\n\t\t<\/h3>\n\t\t        <a href=\"https:\/\/www.empack-schweiz.ch\/de\/2025\/09\/04\/verpackungsindustrie-neue-chancen-durch-eu-vorgaben\/\" class=\"elementor-post__excerpt\">\n            <p class=\"MsoNormal\">Nachhaltigkeit, ge\u00e4ndertes Konsumentenverhalten, steigende Rohstoff- und Energiekosten und der Siegeszug der K\u00fcnstlichen Intelligenz: Die Herausforderungen der europ\u00e4ischen Verpackungsindustrie sind in den vergangenen Jahren nicht kleiner geworden<\/p>\n        <\/a>\n        \n\t\t<a class=\"elementor-post__read-more\" href=\"https:\/\/www.empack-schweiz.ch\/de\/2025\/09\/04\/verpackungsindustrie-neue-chancen-durch-eu-vorgaben\/\" aria-label=\"Read more about Verpackungsindustrie: Neue Chancen durch EU-Vorgaben?\" tabindex=\"-1\" >\n\t\t\tWeiterlesen \u00bb\t\t<\/a>\n\n\t\t        <div class=\"elementor-post__meta-data\">\n            \t\t<span class=\"elementor-post-date\">\n\t\t\t4 September 2025\t\t<\/span>\n\t\t\t\t<span class=\"elementor-post-avatar\">\n\t\t\tKeine Kommentare\t\t<\/span>\n\t\t        <\/div>\n        \t\t<\/div>\n\t\t\t\t\t<\/div>\n\t\t<\/article>\n\t\t\t\t<article class=\"elementor-post elementor-grid-item post-166253 post type-post status-publish format-standard has-post-thumbnail hentry category-podcast\" role=\"listitem\">\n\t\t\t<div class=\"elementor-post__card\">\n\t\t        <a class=\"elementor-post__thumbnail__link\" href=\"https:\/\/www.empack-schweiz.ch\/de\/2025\/01\/14\/test-podcast\/\">\n            <div class=\"elementor-post__thumbnail\"><img loading=\"lazy\" decoding=\"async\" width=\"1920\" height=\"1920\" src=\"https:\/\/easyfairsassets.com\/sites\/95\/2025\/01\/Podcast-Cover_Pierre_Jessica_EMPACK-2025.jpg\" class=\"attachment-full size-full wp-image-166878\" alt=\"\" srcset=\"https:\/\/easyfairsassets.com\/sites\/95\/2025\/01\/Podcast-Cover_Pierre_Jessica_EMPACK-2025.jpg 1920w, https:\/\/easyfairsassets.com\/sites\/95\/2025\/01\/Podcast-Cover_Pierre_Jessica_EMPACK-2025-300x300.jpg 300w, https:\/\/easyfairsassets.com\/sites\/95\/2025\/01\/Podcast-Cover_Pierre_Jessica_EMPACK-2025-1024x1024.jpg 1024w, https:\/\/easyfairsassets.com\/sites\/95\/2025\/01\/Podcast-Cover_Pierre_Jessica_EMPACK-2025-150x150.jpg 150w, https:\/\/easyfairsassets.com\/sites\/95\/2025\/01\/Podcast-Cover_Pierre_Jessica_EMPACK-2025-768x768.jpg 768w, https:\/\/easyfairsassets.com\/sites\/95\/2025\/01\/Podcast-Cover_Pierre_Jessica_EMPACK-2025-1536x1536.jpg 1536w\" sizes=\"(max-width: 1920px) 100vw, 1920px\" \/><\/div>\n        <\/a>\n                    <div class=\"elementor-post__badge\">Podcast<\/div>\n            \t\t<div class=\"elementor-post__text\">\n\t\t\n            <small style=\"color: #dd;\">\n                            <\/small>\n\n            \t\t<h3 class=\"elementor-post__title\">\n\t\t\t<a href=\"https:\/\/www.empack-schweiz.ch\/de\/2025\/01\/14\/test-podcast\/\" >\n\t\t\t\tPodcast mit Jessica Farda\/Noriware und Pierre Hertzel\/SCHELLING AG\t\t\t<\/a>\n\t\t<\/h3>\n\t\t        <a href=\"https:\/\/www.empack-schweiz.ch\/de\/2025\/01\/14\/test-podcast\/\" class=\"elementor-post__excerpt\">\n            <p class=\"MsoNormal\">Verpackung der Zukunft: Algen als nachhaltige Verpackungsalternative<\/p>\n        <\/a>\n        \n\t\t<a class=\"elementor-post__read-more\" href=\"https:\/\/www.empack-schweiz.ch\/de\/2025\/01\/14\/test-podcast\/\" aria-label=\"Read more about Podcast mit Jessica Farda\/Noriware und Pierre Hertzel\/SCHELLING AG\" tabindex=\"-1\" >\n\t\t\tWeiterlesen \u00bb\t\t<\/a>\n\n\t\t        <div class=\"elementor-post__meta-data\">\n            \t\t<span class=\"elementor-post-date\">\n\t\t\t14 Januar 2025\t\t<\/span>\n\t\t\t\t<span class=\"elementor-post-avatar\">\n\t\t\tKeine Kommentare\t\t<\/span>\n\t\t        <\/div>\n        \t\t<\/div>\n\t\t\t\t\t<\/div>\n\t\t<\/article>\n\t\t\t\t<article class=\"elementor-post elementor-grid-item post-137125 post type-post status-publish format-standard has-post-thumbnail hentry category-interview tag-empack tag-packaging tag-svi\" role=\"listitem\">\n\t\t\t<div class=\"elementor-post__card\">\n\t\t        <a class=\"elementor-post__thumbnail__link\" href=\"https:\/\/www.empack-schweiz.ch\/de\/2024\/11\/20\/trendinterview-mit-andreas-zopfi-vom-svi\/\">\n            <div class=\"elementor-post__thumbnail\"><img loading=\"lazy\" decoding=\"async\" width=\"1281\" height=\"1920\" src=\"https:\/\/easyfairsassets.com\/sites\/95\/2022\/11\/Zopfi_Portrait-scaled-1.jpg\" class=\"attachment-full size-full wp-image-39954\" alt=\"\" srcset=\"https:\/\/easyfairsassets.com\/sites\/95\/2022\/11\/Zopfi_Portrait-scaled-1.jpg 1281w, https:\/\/easyfairsassets.com\/sites\/95\/2022\/11\/Zopfi_Portrait-scaled-1-200x300.jpg 200w, https:\/\/easyfairsassets.com\/sites\/95\/2022\/11\/Zopfi_Portrait-scaled-1-683x1024.jpg 683w, https:\/\/easyfairsassets.com\/sites\/95\/2022\/11\/Zopfi_Portrait-scaled-1-768x1151.jpg 768w, https:\/\/easyfairsassets.com\/sites\/95\/2022\/11\/Zopfi_Portrait-scaled-1-1025x1536.jpg 1025w\" sizes=\"(max-width: 1281px) 100vw, 1281px\" \/><\/div>\n        <\/a>\n                    <div class=\"elementor-post__badge\">Interview<\/div>\n            \t\t<div class=\"elementor-post__text\">\n\t\t\n            <small style=\"color: #dd;\">\n                            <\/small>\n\n            \t\t<h3 class=\"elementor-post__title\">\n\t\t\t<a href=\"https:\/\/www.empack-schweiz.ch\/de\/2024\/11\/20\/trendinterview-mit-andreas-zopfi-vom-svi\/\" >\n\t\t\t\tTrendinterview mit Andreas Zopfi vom SVI\t\t\t<\/a>\n\t\t<\/h3>\n\t\t        <a href=\"https:\/\/www.empack-schweiz.ch\/de\/2024\/11\/20\/trendinterview-mit-andreas-zopfi-vom-svi\/\" class=\"elementor-post__excerpt\">\n            <p>Trendinterview mit Andreas Zopfi vom SVI zur \u00abEMPACK\u00bb am 22. und 23. Januar 2025 in Z\u00fcrich<\/p>\n<p><strong>\u00abDie \u2039EMPACK\u203a ist der zentrale Branchentreffpunkt\u00bb<\/strong><\/p>\n        <\/a>\n        \n\t\t<a class=\"elementor-post__read-more\" href=\"https:\/\/www.empack-schweiz.ch\/de\/2024\/11\/20\/trendinterview-mit-andreas-zopfi-vom-svi\/\" aria-label=\"Read more about Trendinterview mit Andreas Zopfi vom SVI\" tabindex=\"-1\" >\n\t\t\tWeiterlesen \u00bb\t\t<\/a>\n\n\t\t        <div class=\"elementor-post__meta-data\">\n            \t\t<span class=\"elementor-post-date\">\n\t\t\t20 November 2024\t\t<\/span>\n\t\t\t\t<span class=\"elementor-post-avatar\">\n\t\t\tKeine Kommentare\t\t<\/span>\n\t\t        <\/div>\n        \t\t<\/div>\n\t\t\t\t\t<\/div>\n\t\t<\/article>\n\t\t\t\t<article class=\"elementor-post elementor-grid-item post-137062 post type-post status-publish format-standard has-post-thumbnail hentry category-interview tag-empack tag-packaging\" role=\"listitem\">\n\t\t\t<div class=\"elementor-post__card\">\n\t\t        <a class=\"elementor-post__thumbnail__link\" href=\"https:\/\/www.empack-schweiz.ch\/de\/2024\/11\/19\/empack-stellt-5-fragen-an-alex-fierz-von-biplast-ag\/\">\n            <div class=\"elementor-post__thumbnail\"><img loading=\"lazy\" decoding=\"async\" width=\"1920\" height=\"1080\" src=\"https:\/\/easyfairsassets.com\/sites\/95\/2024\/11\/5-Fragen-an_Biplast-AG_PACK.jpg\" class=\"attachment-full size-full wp-image-137065\" alt=\"\" srcset=\"https:\/\/easyfairsassets.com\/sites\/95\/2024\/11\/5-Fragen-an_Biplast-AG_PACK.jpg 1920w, https:\/\/easyfairsassets.com\/sites\/95\/2024\/11\/5-Fragen-an_Biplast-AG_PACK-300x169.jpg 300w, https:\/\/easyfairsassets.com\/sites\/95\/2024\/11\/5-Fragen-an_Biplast-AG_PACK-1024x576.jpg 1024w, https:\/\/easyfairsassets.com\/sites\/95\/2024\/11\/5-Fragen-an_Biplast-AG_PACK-768x432.jpg 768w, https:\/\/easyfairsassets.com\/sites\/95\/2024\/11\/5-Fragen-an_Biplast-AG_PACK-1536x864.jpg 1536w\" sizes=\"(max-width: 1920px) 100vw, 1920px\" \/><\/div>\n        <\/a>\n                    <div class=\"elementor-post__badge\">Interview<\/div>\n            \t\t<div class=\"elementor-post__text\">\n\t\t\n            <small style=\"color: #dd;\">\n                            <\/small>\n\n            \t\t<h3 class=\"elementor-post__title\">\n\t\t\t<a href=\"https:\/\/www.empack-schweiz.ch\/de\/2024\/11\/19\/empack-stellt-5-fragen-an-alex-fierz-von-biplast-ag\/\" >\n\t\t\t\tEMPACK stellt 5 Fragen an Alex Fierz von Biplast AG\t\t\t<\/a>\n\t\t<\/h3>\n\t\t        <a href=\"https:\/\/www.empack-schweiz.ch\/de\/2024\/11\/19\/empack-stellt-5-fragen-an-alex-fierz-von-biplast-ag\/\" class=\"elementor-post__excerpt\">\n            <p>EMPACK stellt 5 Fragen an Alex Fierz von Biplast AG<\/p>\n        <\/a>\n        \n\t\t<a class=\"elementor-post__read-more\" href=\"https:\/\/www.empack-schweiz.ch\/de\/2024\/11\/19\/empack-stellt-5-fragen-an-alex-fierz-von-biplast-ag\/\" aria-label=\"Read more about EMPACK stellt 5 Fragen an Alex Fierz von Biplast AG\" tabindex=\"-1\" >\n\t\t\tWeiterlesen \u00bb\t\t<\/a>\n\n\t\t        <div class=\"elementor-post__meta-data\">\n            \t\t<span class=\"elementor-post-date\">\n\t\t\t19 November 2024\t\t<\/span>\n\t\t\t\t<span class=\"elementor-post-avatar\">\n\t\t\tKeine Kommentare\t\t<\/span>\n\t\t        <\/div>\n        \t\t<\/div>\n\t\t\t\t\t<\/div>\n\t\t<\/article>\n\t\t\t\t<article class=\"elementor-post elementor-grid-item post-125635 post type-post status-publish format-standard has-post-thumbnail hentry category-beitrag tag-green tag-nachhaltigkeit tag-planet tag-run\" role=\"listitem\">\n\t\t\t<div class=\"elementor-post__card\">\n\t\t        <a class=\"elementor-post__thumbnail__link\" href=\"https:\/\/www.empack-schweiz.ch\/de\/2024\/05\/29\/run-for-the-planet\/\">\n            <div class=\"elementor-post__thumbnail\"><img loading=\"lazy\" decoding=\"async\" width=\"1667\" height=\"1250\" src=\"https:\/\/easyfairsassets.com\/sites\/95\/2024\/05\/Easyrunner-Team-Bild.jpg\" class=\"attachment-full size-full wp-image-125641\" alt=\"\" srcset=\"https:\/\/easyfairsassets.com\/sites\/95\/2024\/05\/Easyrunner-Team-Bild.jpg 1667w, https:\/\/easyfairsassets.com\/sites\/95\/2024\/05\/Easyrunner-Team-Bild-300x225.jpg 300w, https:\/\/easyfairsassets.com\/sites\/95\/2024\/05\/Easyrunner-Team-Bild-1024x768.jpg 1024w, https:\/\/easyfairsassets.com\/sites\/95\/2024\/05\/Easyrunner-Team-Bild-768x576.jpg 768w, https:\/\/easyfairsassets.com\/sites\/95\/2024\/05\/Easyrunner-Team-Bild-1536x1152.jpg 1536w\" sizes=\"(max-width: 1667px) 100vw, 1667px\" \/><\/div>\n        <\/a>\n                    <div class=\"elementor-post__badge\">Beitrag<\/div>\n            \t\t<div class=\"elementor-post__text\">\n\t\t\n            <small style=\"color: #dd;\">\n                            <\/small>\n\n            \t\t<h3 class=\"elementor-post__title\">\n\t\t\t<a href=\"https:\/\/www.empack-schweiz.ch\/de\/2024\/05\/29\/run-for-the-planet\/\" >\n\t\t\t\tRun for the Planet &#8211; Easyrunners act for the future\t\t\t<\/a>\n\t\t<\/h3>\n\t\t        <a href=\"https:\/\/www.empack-schweiz.ch\/de\/2024\/05\/29\/run-for-the-planet\/\" class=\"elementor-post__excerpt\">\n            <p>Am Samstag, 22. Juni 2024 l\u00e4uft unser Easyrunners-Team beim Run for the Planet f\u00fcr einen guten Zweck<\/p>\n        <\/a>\n        \n\t\t<a class=\"elementor-post__read-more\" href=\"https:\/\/www.empack-schweiz.ch\/de\/2024\/05\/29\/run-for-the-planet\/\" aria-label=\"Read more about Run for the Planet &#8211; Easyrunners act for the future\" tabindex=\"-1\" >\n\t\t\tWeiterlesen \u00bb\t\t<\/a>\n\n\t\t        <div class=\"elementor-post__meta-data\">\n            \t\t<span class=\"elementor-post-date\">\n\t\t\t29 Mai 2024\t\t<\/span>\n\t\t\t\t<span class=\"elementor-post-avatar\">\n\t\t\tKeine Kommentare\t\t<\/span>\n\t\t        <\/div>\n        \t\t<\/div>\n\t\t\t\t\t<\/div>\n\t\t<\/article>\n\t\t\t\t<article class=\"elementor-post elementor-grid-item post-79483 post type-post status-publish format-standard has-post-thumbnail hentry category-interview tag-empack tag-intelligent-packaging tag-packaging-talks tag-verpackung\" role=\"listitem\">\n\t\t\t<div class=\"elementor-post__card\">\n\t\t        <a class=\"elementor-post__thumbnail__link\" href=\"https:\/\/www.empack-schweiz.ch\/de\/2023\/12\/01\/5-fragen-an-andreas-zopfi\/\">\n            <div class=\"elementor-post__thumbnail\"><img loading=\"lazy\" decoding=\"async\" width=\"400\" height=\"250\" src=\"https:\/\/easyfairsassets.com\/sites\/95\/2023\/12\/5-Fragen-an_Web-Bild.jpg\" class=\"attachment-full size-full wp-image-79570\" alt=\"\" srcset=\"https:\/\/easyfairsassets.com\/sites\/95\/2023\/12\/5-Fragen-an_Web-Bild.jpg 400w, https:\/\/easyfairsassets.com\/sites\/95\/2023\/12\/5-Fragen-an_Web-Bild-300x188.jpg 300w\" sizes=\"(max-width: 400px) 100vw, 400px\" \/><\/div>\n        <\/a>\n                    <div class=\"elementor-post__badge\">Interview<\/div>\n            \t\t<div class=\"elementor-post__text\">\n\t\t\n            <small style=\"color: #dd;\">\n                            <\/small>\n\n            \t\t<h3 class=\"elementor-post__title\">\n\t\t\t<a href=\"https:\/\/www.empack-schweiz.ch\/de\/2023\/12\/01\/5-fragen-an-andreas-zopfi\/\" >\n\t\t\t\tEMPACK stellt 5 Fragen an Andreas Zopfi, Gesch\u00e4ftsf\u00fchrer des SVI\t\t\t<\/a>\n\t\t<\/h3>\n\t\t        <a href=\"https:\/\/www.empack-schweiz.ch\/de\/2023\/12\/01\/5-fragen-an-andreas-zopfi\/\" class=\"elementor-post__excerpt\">\n            <p>Wir stellen unseren Partnern 5 Fragen zur Industrie, Fachmesse und aktuellen Themen.<\/p>\n        <\/a>\n        \n\t\t<a class=\"elementor-post__read-more\" href=\"https:\/\/www.empack-schweiz.ch\/de\/2023\/12\/01\/5-fragen-an-andreas-zopfi\/\" aria-label=\"Read more about EMPACK stellt 5 Fragen an Andreas Zopfi, Gesch\u00e4ftsf\u00fchrer des SVI\" tabindex=\"-1\" >\n\t\t\tWeiterlesen \u00bb\t\t<\/a>\n\n\t\t        <div class=\"elementor-post__meta-data\">\n            \t\t<span class=\"elementor-post-date\">\n\t\t\t1 Dezember 2023\t\t<\/span>\n\t\t\t\t<span class=\"elementor-post-avatar\">\n\t\t\tKeine Kommentare\t\t<\/span>\n\t\t        <\/div>\n        \t\t<\/div>\n\t\t\t\t\t<\/div>\n\t\t<\/article>\n\t\t\t\t<article class=\"elementor-post elementor-grid-item post-61698 post type-post status-publish format-standard has-post-thumbnail hentry category-beitrag tag-empack tag-intelligent-packaging tag-packaging-talks tag-verpackung\" role=\"listitem\">\n\t\t\t<div class=\"elementor-post__card\">\n\t\t        <a class=\"elementor-post__thumbnail__link\" href=\"https:\/\/www.empack-schweiz.ch\/de\/2023\/10\/16\/kunststoffverpackungen-die-reduzierung-von-food-waste-ein-potenzielles-dreamteam\/\">\n            <div class=\"elementor-post__thumbnail\"><img loading=\"lazy\" decoding=\"async\" width=\"1900\" height=\"1267\" src=\"https:\/\/easyfairsassets.com\/sites\/95\/2023\/10\/EMPACK-Consumer-Packaging_01.png\" class=\"attachment-full size-full wp-image-61706\" alt=\"\" srcset=\"https:\/\/easyfairsassets.com\/sites\/95\/2023\/10\/EMPACK-Consumer-Packaging_01.png 1900w, https:\/\/easyfairsassets.com\/sites\/95\/2023\/10\/EMPACK-Consumer-Packaging_01-300x200.png 300w, https:\/\/easyfairsassets.com\/sites\/95\/2023\/10\/EMPACK-Consumer-Packaging_01-1024x683.png 1024w, https:\/\/easyfairsassets.com\/sites\/95\/2023\/10\/EMPACK-Consumer-Packaging_01-768x512.png 768w, https:\/\/easyfairsassets.com\/sites\/95\/2023\/10\/EMPACK-Consumer-Packaging_01-1536x1024.png 1536w\" sizes=\"(max-width: 1900px) 100vw, 1900px\" \/><\/div>\n        <\/a>\n                    <div class=\"elementor-post__badge\">Beitrag<\/div>\n            \t\t<div class=\"elementor-post__text\">\n\t\t\n            <small style=\"color: #dd;\">\n                            <\/small>\n\n            \t\t<h3 class=\"elementor-post__title\">\n\t\t\t<a href=\"https:\/\/www.empack-schweiz.ch\/de\/2023\/10\/16\/kunststoffverpackungen-die-reduzierung-von-food-waste-ein-potenzielles-dreamteam\/\" >\n\t\t\t\tKunststoffverpackungen &#038; die Reduzierung von Food Waste &#8211; ein potenzielles Dreamteam\t\t\t<\/a>\n\t\t<\/h3>\n\t\t        <a href=\"https:\/\/www.empack-schweiz.ch\/de\/2023\/10\/16\/kunststoffverpackungen-die-reduzierung-von-food-waste-ein-potenzielles-dreamteam\/\" class=\"elementor-post__excerpt\">\n            <p>Lebensmittelknappheit und Umweltauswirkungen r\u00fccken immer st\u00e4rker in den Fokus und die Vermeidung von Food Waste entwickelt sich zu einem immer h\u00f6her priorisierten Anliegen. Lebensmittelabf\u00e4lle sind nicht nur \u00f6konomisch teuer, sondern haben auch erhebliche \u00f6kologische Auswirkungen. Eine L\u00f6sung, die in diesem Zusammenhang oft \u00fcbersehen wird, ist der Einsatz von Kunststoffverpackungen. Wie uns weswegen dies so ist, zeigen wir im folgenden Artikel auf.<\/p>\n        <\/a>\n        \n\t\t<a class=\"elementor-post__read-more\" href=\"https:\/\/www.empack-schweiz.ch\/de\/2023\/10\/16\/kunststoffverpackungen-die-reduzierung-von-food-waste-ein-potenzielles-dreamteam\/\" aria-label=\"Read more about Kunststoffverpackungen &#038; die Reduzierung von Food Waste &#8211; ein potenzielles Dreamteam\" tabindex=\"-1\" >\n\t\t\tWeiterlesen \u00bb\t\t<\/a>\n\n\t\t        <div class=\"elementor-post__meta-data\">\n            \t\t<span class=\"elementor-post-date\">\n\t\t\t16 Oktober 2023\t\t<\/span>\n\t\t\t\t<span class=\"elementor-post-avatar\">\n\t\t\tKeine Kommentare\t\t<\/span>\n\t\t        <\/div>\n        \t\t<\/div>\n\t\t\t\t\t<\/div>\n\t\t<\/article>\n\t\t\t\t<article class=\"elementor-post elementor-grid-item post-46420 post type-post status-publish format-standard hentry category-interview category-video tag-empack tag-intelligent-packaging tag-packaging-talks tag-verpackung\" role=\"listitem\">\n\t\t\t<div class=\"elementor-post__card\">\n\t\t        <a class=\"elementor-post__thumbnail__link\" href=\"https:\/\/www.empack-schweiz.ch\/de\/2023\/06\/08\/packaging-talks-online-session-vom-06-06-2023\/\">\n            <div class=\"elementor-post__thumbnail\"><img src='https:\/\/www.empack-schweiz.ch\/wp-content\/mu-plugins\/easyfairs-must-use-integrations\/assets\/img\/placeholder-600x200.png' alt='PACKAGING TALKS - Online Session vom 06.06.2023'\/><\/div>\n        <\/a>\n                    <div class=\"elementor-post__badge\">Interview<\/div>\n            \t\t<div class=\"elementor-post__text\">\n\t\t\n            <small style=\"color: #dd;\">\n                            <\/small>\n\n            \t\t<h3 class=\"elementor-post__title\">\n\t\t\t<a href=\"https:\/\/www.empack-schweiz.ch\/de\/2023\/06\/08\/packaging-talks-online-session-vom-06-06-2023\/\" >\n\t\t\t\tPACKAGING TALKS &#8211; Online Session vom 06.06.2023\t\t\t<\/a>\n\t\t<\/h3>\n\t\t        <a href=\"https:\/\/www.empack-schweiz.ch\/de\/2023\/06\/08\/packaging-talks-online-session-vom-06-06-2023\/\" class=\"elementor-post__excerpt\">\n            <p>PACKAGING TALKS ONLINE 06.06.2023 Hier m\u00f6chten wir Ihnen bereits einen<\/p>\n        <\/a>\n        \n\t\t<a class=\"elementor-post__read-more\" href=\"https:\/\/www.empack-schweiz.ch\/de\/2023\/06\/08\/packaging-talks-online-session-vom-06-06-2023\/\" aria-label=\"Read more about PACKAGING TALKS &#8211; Online Session vom 06.06.2023\" tabindex=\"-1\" >\n\t\t\tWeiterlesen \u00bb\t\t<\/a>\n\n\t\t        <div class=\"elementor-post__meta-data\">\n            \t\t<span class=\"elementor-post-date\">\n\t\t\t8 Juni 2023\t\t<\/span>\n\t\t\t\t<span class=\"elementor-post-avatar\">\n\t\t\tKeine Kommentare\t\t<\/span>\n\t\t        <\/div>\n        \t\t<\/div>\n\t\t\t\t\t<\/div>\n\t\t<\/article>\n\t\t\t\t<article class=\"elementor-post elementor-grid-item post-44243 post type-post status-publish format-standard has-post-thumbnail hentry category-sponsored-post tag-industrieverpackungen tag-online-portal\" role=\"listitem\">\n\t\t\t<div class=\"elementor-post__card\">\n\t\t        <a class=\"elementor-post__thumbnail__link\" href=\"https:\/\/www.empack-schweiz.ch\/de\/2023\/01\/20\/kifa-i-pack\/\">\n            <div class=\"elementor-post__thumbnail\"><img loading=\"lazy\" decoding=\"async\" width=\"400\" height=\"220\" src=\"https:\/\/easyfairsassets.com\/sites\/95\/2023\/01\/123.jpg\" class=\"attachment-full size-full wp-image-44247\" alt=\"\" srcset=\"https:\/\/easyfairsassets.com\/sites\/95\/2023\/01\/123.jpg 400w, https:\/\/easyfairsassets.com\/sites\/95\/2023\/01\/123-300x165.jpg 300w\" sizes=\"(max-width: 400px) 100vw, 400px\" \/><\/div>\n        <\/a>\n                    <div class=\"elementor-post__badge\">Sponsored Post<\/div>\n            \t\t<div class=\"elementor-post__text\">\n\t\t\n            <small style=\"color: #dd;\">\n                            <\/small>\n\n            \t\t<h3 class=\"elementor-post__title\">\n\t\t\t<a href=\"https:\/\/www.empack-schweiz.ch\/de\/2023\/01\/20\/kifa-i-pack\/\" >\n\t\t\t\tIndustrieverpackungen 24\/7\t\t\t<\/a>\n\t\t<\/h3>\n\t\t        <a href=\"https:\/\/www.empack-schweiz.ch\/de\/2023\/01\/20\/kifa-i-pack\/\" class=\"elementor-post__excerpt\">\n            <p class=\"MsoNormal\"><span lang=\"DE\" style=\"font-size: 9.0pt; font-family: 'Helvetica',sans-serif; mso-bidi-font-family: 'Times New Roman'; color: black;\">Die KIFA | <i>PACK<\/i> startet zur EMPACK ihr Online-Portal f\u00fcr individuelle Industrieverpackungen, die sich in Sekunden selbst online konfigurieren und bestellen lassen und in rekordverd\u00e4chtiger Produktionszeit von nur 4 Stunden ausgeliefert werden k\u00f6nnen.<\/span><\/p>\n        <\/a>\n        \n\t\t<a class=\"elementor-post__read-more\" href=\"https:\/\/www.empack-schweiz.ch\/de\/2023\/01\/20\/kifa-i-pack\/\" aria-label=\"Read more about Industrieverpackungen 24\/7\" tabindex=\"-1\" >\n\t\t\tWeiterlesen \u00bb\t\t<\/a>\n\n\t\t        <div class=\"elementor-post__meta-data\">\n            \t\t<span class=\"elementor-post-date\">\n\t\t\t20 Januar 2023\t\t<\/span>\n\t\t\t\t<span class=\"elementor-post-avatar\">\n\t\t\tKeine Kommentare\t\t<\/span>\n\t\t        <\/div>\n        \t\t<\/div>\n\t\t\t\t\t<\/div>\n\t\t<\/article>\n\t\t\t\t<article class=\"elementor-post elementor-grid-item post-41774 post type-post status-publish format-standard has-post-thumbnail hentry category-sponsored-post tag-empack tag-euroboxen tag-faesser tag-folienrollen tag-hebehilfen tag-kanister tag-kisten tag-verpackung\" role=\"listitem\">\n\t\t\t<div class=\"elementor-post__card\">\n\t\t        <a class=\"elementor-post__thumbnail__link\" href=\"https:\/\/www.empack-schweiz.ch\/de\/2023\/01\/04\/hovmand-industrie-hebelifte-auf-der-empack-zuerich\/\">\n            <div class=\"elementor-post__thumbnail\"><img loading=\"lazy\" decoding=\"async\" width=\"400\" height=\"219\" src=\"https:\/\/easyfairsassets.com\/sites\/95\/2023\/01\/Hovmand-Teaser.jpg\" class=\"attachment-full size-full wp-image-41776\" alt=\"\" srcset=\"https:\/\/easyfairsassets.com\/sites\/95\/2023\/01\/Hovmand-Teaser.jpg 400w, https:\/\/easyfairsassets.com\/sites\/95\/2023\/01\/Hovmand-Teaser-300x164.jpg 300w\" sizes=\"(max-width: 400px) 100vw, 400px\" \/><\/div>\n        <\/a>\n                    <div class=\"elementor-post__badge\">Sponsored Post<\/div>\n            \t\t<div class=\"elementor-post__text\">\n\t\t\n            <small style=\"color: #dd;\">\n                            <\/small>\n\n            \t\t<h3 class=\"elementor-post__title\">\n\t\t\t<a href=\"https:\/\/www.empack-schweiz.ch\/de\/2023\/01\/04\/hovmand-industrie-hebelifte-auf-der-empack-zuerich\/\" >\n\t\t\t\tHovmand Industrie-Hebelifte auf der EMPACK Z\u00fcrich\t\t\t<\/a>\n\t\t<\/h3>\n\t\t        <a href=\"https:\/\/www.empack-schweiz.ch\/de\/2023\/01\/04\/hovmand-industrie-hebelifte-auf-der-empack-zuerich\/\" class=\"elementor-post__excerpt\">\n            <p><span lang=\"DE\" style=\"font-size: 11.0pt; font-family: 'Segoe UI Emoji',sans-serif; mso-fareast-font-family: Calibri; mso-fareast-theme-font: minor-latin; mso-bidi-font-family: 'Segoe UI Emoji'; mso-ansi-language: DE; mso-fareast-language: EN-US; mso-bidi-language: AR-SA;\">\ud83d\udca1<\/span><span lang=\"DE\" style=\"font-size: 11.0pt; font-family: 'Calibri',sans-serif; mso-ascii-theme-font: minor-latin; mso-fareast-font-family: Calibri; mso-fareast-theme-font: minor-latin; mso-hansi-theme-font: minor-latin; mso-bidi-theme-font: minor-latin; mso-ansi-language: DE; mso-fareast-language: EN-US; mso-bidi-language: AR-SA;\">Mobile Hebehilfen (GMP- &amp; IP 66-Standard\/ATEX) f\u00fcr Folienrollen, F\u00e4sser, Kanister, Kisten, Euroboxen &amp; KLT \u01c0 <\/span><span lang=\"DE\" style=\"font-size: 11.0pt; font-family: 'Segoe UI Emoji',sans-serif; mso-fareast-font-family: Calibri; mso-fareast-theme-font: minor-latin; mso-bidi-font-family: 'Segoe UI Emoji'; mso-ansi-language: DE; mso-fareast-language: EN-US; mso-bidi-language: AR-SA;\">\ud83d\udccd<\/span><span lang=\"DE\" style=\"font-size: 11.0pt; font-family: 'Calibri',sans-serif; mso-ascii-theme-font: minor-latin; mso-fareast-font-family: Calibri; mso-fareast-theme-font: minor-latin; mso-hansi-theme-font: minor-latin; mso-bidi-theme-font: minor-latin; mso-ansi-language: DE; mso-fareast-language: EN-US; mso-bidi-language: AR-SA;\"> Stand E11\u00a0<\/span><\/p>\n        <\/a>\n        \n\t\t<a class=\"elementor-post__read-more\" href=\"https:\/\/www.empack-schweiz.ch\/de\/2023\/01\/04\/hovmand-industrie-hebelifte-auf-der-empack-zuerich\/\" aria-label=\"Read more about Hovmand Industrie-Hebelifte auf der EMPACK Z\u00fcrich\" tabindex=\"-1\" >\n\t\t\tWeiterlesen \u00bb\t\t<\/a>\n\n\t\t        <div class=\"elementor-post__meta-data\">\n            \t\t<span class=\"elementor-post-date\">\n\t\t\t4 Januar 2023\t\t<\/span>\n\t\t\t\t<span class=\"elementor-post-avatar\">\n\t\t\tKeine Kommentare\t\t<\/span>\n\t\t        <\/div>\n        \t\t<\/div>\n\t\t\t\t\t<\/div>\n\t\t<\/article>\n\t\t\t\t<\/div>\n\t\t\n\t\t\t\t\t\t<\/div>\n\t\t\t\t<\/div>\n\t\t\t\t<div class=\"elementor-element elementor-element-32f75b79 elementor-posts--thumbnail-header elementor-grid-3 elementor-grid-tablet-2 elementor-grid-mobile-1 elementor-card-shadow-yes elementor-posts__hover-gradient elementor-widget elementor-widget-posts\" data-id=\"32f75b79\" data-element_type=\"widget\" data-settings=\"{&quot;pagination_type&quot;:&quot;prev_next&quot;,&quot;cards_wex_row_gap&quot;:{&quot;unit&quot;:&quot;px&quot;,&quot;size&quot;:&quot;38&quot;,&quot;sizes&quot;:[]},&quot;cards_wex_columns&quot;:&quot;3&quot;,&quot;cards_wex_columns_tablet&quot;:&quot;2&quot;,&quot;cards_wex_columns_mobile&quot;:&quot;1&quot;,&quot;cards_wex_row_gap_tablet&quot;:{&quot;unit&quot;:&quot;px&quot;,&quot;size&quot;:&quot;&quot;,&quot;sizes&quot;:[]},&quot;cards_wex_row_gap_mobile&quot;:{&quot;unit&quot;:&quot;px&quot;,&quot;size&quot;:&quot;&quot;,&quot;sizes&quot;:[]}}\" data-widget_type=\"posts.cards_wex\">\n\t\t\t\t<div class=\"elementor-widget-container\">\n\t\t\t\t\t\t\t<div class=\"elementor-posts-container elementor-posts elementor-posts--skin-cards elementor-grid\" role=\"list\">\n\t\t<div class=\"elementor-nothing-found elementor-posts-nothing-found\"><\/div>\t\t<\/div>\n\t\t\n\t\t\t\t\t\t<\/div>\n\t\t\t\t<\/div>\n\t\t\t\t\t<\/div>\n\t\t<\/div>\n\t\t\t\t\t<\/div>\n\t\t<\/section>\n\t\t\t\t<section class=\"elementor-section elementor-top-section elementor-element elementor-element-2c9b4c43 elementor-section-content-middle elementor-section-boxed elementor-section-height-default elementor-section-height-default\" data-id=\"2c9b4c43\" data-element_type=\"section\" data-settings=\"{&quot;background_background&quot;:&quot;classic&quot;}\">\n\t\t\t\t\t\t<div class=\"elementor-container elementor-column-gap-default\">\n\t\t\t\t\t<div class=\"elementor-column elementor-col-50 elementor-top-column elementor-element elementor-element-97265fb\" data-id=\"97265fb\" data-element_type=\"column\" data-settings=\"{&quot;background_background&quot;:&quot;classic&quot;}\">\n\t\t\t<div class=\"elementor-widget-wrap elementor-element-populated\">\n\t\t\t\t\t\t<div class=\"elementor-element elementor-element-57b3581a elementor-align-right elementor-mobile-align-center elementor-widget elementor-widget-lottie\" data-id=\"57b3581a\" data-element_type=\"widget\" data-settings=\"{&quot;source_json&quot;:{&quot;url&quot;:&quot;https:\\\/\\\/www.empack-schweiz.ch\\\/wp-content\\\/uploads\\\/sites\\\/95\\\/2022\\\/09\\\/721-hand-with-phone-outline-edited.json&quot;,&quot;id&quot;:35417,&quot;size&quot;:&quot;&quot;,&quot;alt&quot;:&quot;&quot;,&quot;source&quot;:&quot;library&quot;},&quot;source&quot;:&quot;media_file&quot;,&quot;caption_source&quot;:&quot;none&quot;,&quot;link_to&quot;:&quot;none&quot;,&quot;trigger&quot;:&quot;arriving_to_viewport&quot;,&quot;viewport&quot;:{&quot;unit&quot;:&quot;%&quot;,&quot;size&quot;:&quot;&quot;,&quot;sizes&quot;:{&quot;start&quot;:0,&quot;end&quot;:100}},&quot;play_speed&quot;:{&quot;unit&quot;:&quot;px&quot;,&quot;size&quot;:1,&quot;sizes&quot;:[]},&quot;start_point&quot;:{&quot;unit&quot;:&quot;%&quot;,&quot;size&quot;:0,&quot;sizes&quot;:[]},&quot;end_point&quot;:{&quot;unit&quot;:&quot;%&quot;,&quot;size&quot;:100,&quot;sizes&quot;:[]},&quot;renderer&quot;:&quot;svg&quot;}\" data-widget_type=\"lottie.default\">\n\t\t\t\t<div class=\"elementor-widget-container\">\n\t\t\t\t\t<div class=\"e-lottie__container\"><div class=\"e-lottie__animation\"><\/div><\/div>\t\t\t\t<\/div>\n\t\t\t\t<\/div>\n\t\t\t\t\t<\/div>\n\t\t<\/div>\n\t\t\t\t<div class=\"elementor-column elementor-col-50 elementor-top-column elementor-element elementor-element-204bb19c\" data-id=\"204bb19c\" data-element_type=\"column\" data-settings=\"{&quot;background_background&quot;:&quot;classic&quot;}\">\n\t\t\t<div class=\"elementor-widget-wrap elementor-element-populated\">\n\t\t\t\t\t\t<div class=\"elementor-element elementor-element-356e625a elementor-widget elementor-widget-heading\" data-id=\"356e625a\" data-element_type=\"widget\" data-widget_type=\"heading.default\">\n\t\t\t\t<div class=\"elementor-widget-container\">\n\t\t\t\t\t<h5 class=\"elementor-heading-title elementor-size-default\">Get in Touch #pack23<\/h5>\t\t\t\t<\/div>\n\t\t\t\t<\/div>\n\t\t\t\t<div class=\"elementor-element elementor-element-486ff2e2 elementor-widget elementor-widget-heading\" data-id=\"486ff2e2\" data-element_type=\"widget\" data-widget_type=\"heading.default\">\n\t\t\t\t<div class=\"elementor-widget-container\">\n\t\t\t\t\t<h2 class=\"elementor-heading-title elementor-size-default\">Get in Touch with us \u2013 vor, w\u00e4hrend und nach der Messe! Auch in den Social Media Kan\u00e4len sind wir pr\u00e4sent. Wir freuen uns auf Likes, Retweets, Fragen, Kommentare und Beitr\u00e4ge.<\/h2>\t\t\t\t<\/div>\n\t\t\t\t<\/div>\n\t\t\t\t<section class=\"elementor-section elementor-inner-section elementor-element elementor-element-b3c4532 elementor-section-boxed elementor-section-height-default elementor-section-height-default\" data-id=\"b3c4532\" data-element_type=\"section\">\n\t\t\t\t\t\t<div class=\"elementor-container elementor-column-gap-no\">\n\t\t\t\t\t<div class=\"elementor-column elementor-col-25 elementor-inner-column elementor-element elementor-element-b8ba61a\" data-id=\"b8ba61a\" data-element_type=\"column\">\n\t\t\t<div class=\"elementor-widget-wrap elementor-element-populated\">\n\t\t\t\t\t\t<div class=\"elementor-element elementor-element-7ae7130 elementor-mobile-align-center elementor-widget elementor-widget-button\" data-id=\"7ae7130\" data-element_type=\"widget\" data-widget_type=\"button.default\">\n\t\t\t\t<div class=\"elementor-widget-container\">\n\t\t\t\t\t\t\t\t\t<div class=\"elementor-button-wrapper\">\n\t\t\t\t\t<a class=\"elementor-button elementor-button-link elementor-size-sm\" href=\"https:\/\/twitter.com\/verpackung_CH\" target=\"_blank\">\n\t\t\t\t\t\t<span class=\"elementor-button-content-wrapper\">\n\t\t\t\t\t\t<span class=\"elementor-button-icon\">\n\t\t\t\t<i aria-hidden=\"true\" class=\"fab fa-twitter\"><\/i>\t\t\t<\/span>\n\t\t\t\t\t\t\t\t\t<span class=\"elementor-button-text\">Twitter<\/span>\n\t\t\t\t\t<\/span>\n\t\t\t\t\t<\/a>\n\t\t\t\t<\/div>\n\t\t\t\t\t\t\t\t<\/div>\n\t\t\t\t<\/div>\n\t\t\t\t\t<\/div>\n\t\t<\/div>\n\t\t\t\t<div class=\"elementor-column elementor-col-25 elementor-inner-column elementor-element elementor-element-17634c2\" data-id=\"17634c2\" data-element_type=\"column\">\n\t\t\t<div class=\"elementor-widget-wrap elementor-element-populated\">\n\t\t\t\t\t\t<div class=\"elementor-element elementor-element-945f0f9 elementor-mobile-align-center elementor-widget elementor-widget-button\" data-id=\"945f0f9\" data-element_type=\"widget\" data-widget_type=\"button.default\">\n\t\t\t\t<div class=\"elementor-widget-container\">\n\t\t\t\t\t\t\t\t\t<div class=\"elementor-button-wrapper\">\n\t\t\t\t\t<a class=\"elementor-button elementor-button-link elementor-size-sm\" href=\"https:\/\/www.xing.com\/communities\/groups\/empack-und-packaging-innovations-2019-68d4-1092587\" target=\"_blank\">\n\t\t\t\t\t\t<span class=\"elementor-button-content-wrapper\">\n\t\t\t\t\t\t<span class=\"elementor-button-icon\">\n\t\t\t\t<i aria-hidden=\"true\" class=\"fab fa-xing\"><\/i>\t\t\t<\/span>\n\t\t\t\t\t\t\t\t\t<span class=\"elementor-button-text\">Xing<\/span>\n\t\t\t\t\t<\/span>\n\t\t\t\t\t<\/a>\n\t\t\t\t<\/div>\n\t\t\t\t\t\t\t\t<\/div>\n\t\t\t\t<\/div>\n\t\t\t\t\t<\/div>\n\t\t<\/div>\n\t\t\t\t<div class=\"elementor-column elementor-col-25 elementor-inner-column elementor-element elementor-element-207ec8f\" data-id=\"207ec8f\" data-element_type=\"column\">\n\t\t\t<div class=\"elementor-widget-wrap elementor-element-populated\">\n\t\t\t\t\t\t<div class=\"elementor-element elementor-element-68d7e71 elementor-mobile-align-center elementor-widget elementor-widget-button\" data-id=\"68d7e71\" data-element_type=\"widget\" data-widget_type=\"button.default\">\n\t\t\t\t<div class=\"elementor-widget-container\">\n\t\t\t\t\t\t\t\t\t<div class=\"elementor-button-wrapper\">\n\t\t\t\t\t<a class=\"elementor-button elementor-button-link elementor-size-sm\" href=\"https:\/\/www.linkedin.com\/showcase\/verpackungsmessen-schweiz\/\" target=\"_blank\">\n\t\t\t\t\t\t<span class=\"elementor-button-content-wrapper\">\n\t\t\t\t\t\t<span class=\"elementor-button-icon\">\n\t\t\t\t<i aria-hidden=\"true\" class=\"fab fa-linkedin-in\"><\/i>\t\t\t<\/span>\n\t\t\t\t\t\t\t\t\t<span class=\"elementor-button-text\">LinkedIn<\/span>\n\t\t\t\t\t<\/span>\n\t\t\t\t\t<\/a>\n\t\t\t\t<\/div>\n\t\t\t\t\t\t\t\t<\/div>\n\t\t\t\t<\/div>\n\t\t\t\t\t<\/div>\n\t\t<\/div>\n\t\t\t\t<div class=\"elementor-column elementor-col-25 elementor-inner-column elementor-element elementor-element-6f56638\" data-id=\"6f56638\" data-element_type=\"column\">\n\t\t\t<div class=\"elementor-widget-wrap elementor-element-populated\">\n\t\t\t\t\t\t<div class=\"elementor-element elementor-element-957eaa6 elementor-mobile-align-center elementor-widget elementor-widget-button\" data-id=\"957eaa6\" data-element_type=\"widget\" data-widget_type=\"button.default\">\n\t\t\t\t<div class=\"elementor-widget-container\">\n\t\t\t\t\t\t\t\t\t<div class=\"elementor-button-wrapper\">\n\t\t\t\t\t<a class=\"elementor-button elementor-button-link elementor-size-sm\" href=\"https:\/\/www.youtube.com\/channel\/UCovK9XW5A8NzDRSk7jGo3mw\/videos\" target=\"_blank\">\n\t\t\t\t\t\t<span class=\"elementor-button-content-wrapper\">\n\t\t\t\t\t\t<span class=\"elementor-button-icon\">\n\t\t\t\t<i aria-hidden=\"true\" class=\"fab fa-youtube\"><\/i>\t\t\t<\/span>\n\t\t\t\t\t\t\t\t\t<span class=\"elementor-button-text\">YouTube<\/span>\n\t\t\t\t\t<\/span>\n\t\t\t\t\t<\/a>\n\t\t\t\t<\/div>\n\t\t\t\t\t\t\t\t<\/div>\n\t\t\t\t<\/div>\n\t\t\t\t\t<\/div>\n\t\t<\/div>\n\t\t\t\t\t<\/div>\n\t\t<\/section>\n\t\t\t\t\t<\/div>\n\t\t<\/div>\n\t\t\t\t\t<\/div>\n\t\t<\/section>\n\t\t\t\t<\/div>\n\t\t","protected":false},"excerpt":{"rendered":"<p>Industry Insights Industry Insights EMPACK For the Swiss packaging community mehr lesen Beliebteste Beitr\u00e4ge Sonstige Beitr\u00e4ge Get in Touch #pack23 Get in Touch with us<\/p>\n","protected":false},"author":1,"featured_media":0,"parent":0,"menu_order":0,"comment_status":"closed","ping_status":"closed","template":"","meta":{"_seopress_robots_primary_cat":"","_seopress_titles_title":"Messeblog zur EMPACK Schweiz ","_seopress_titles_desc":"News und Industry Insights direkt aus der Verpackungsbranche","_seopress_robots_index":"","footnotes":""},"class_list":["post-26914","page","type-page","status-publish","hentry"],"_links":{"self":[{"href":"https:\/\/www.empack-schweiz.ch\/de\/wp-json\/wp\/v2\/pages\/26914","targetHints":{"allow":["GET"]}}],"collection":[{"href":"https:\/\/www.empack-schweiz.ch\/de\/wp-json\/wp\/v2\/pages"}],"about":[{"href":"https:\/\/www.empack-schweiz.ch\/de\/wp-json\/wp\/v2\/types\/page"}],"author":[{"embeddable":true,"href":"https:\/\/www.empack-schweiz.ch\/de\/wp-json\/wp\/v2\/users\/1"}],"replies":[{"embeddable":true,"href":"https:\/\/www.empack-schweiz.ch\/de\/wp-json\/wp\/v2\/comments?post=26914"}],"version-history":[{"count":5,"href":"https:\/\/www.empack-schweiz.ch\/de\/wp-json\/wp\/v2\/pages\/26914\/revisions"}],"predecessor-version":[{"id":181959,"href":"https:\/\/www.empack-schweiz.ch\/de\/wp-json\/wp\/v2\/pages\/26914\/revisions\/181959"}],"wp:attachment":[{"href":"https:\/\/www.empack-schweiz.ch\/de\/wp-json\/wp\/v2\/media?parent=26914"}],"curies":[{"name":"wp","href":"https:\/\/api.w.org\/{rel}","templated":true}]}}