{"id":127181,"date":"2024-08-23T12:00:38","date_gmt":"2024-08-23T10:00:38","guid":{"rendered":"https:\/\/www.empack-schweiz.ch\/blog-du-salon\/"},"modified":"2025-09-04T15:07:21","modified_gmt":"2025-09-04T13:07:21","slug":"blog-du-salon","status":"publish","type":"page","link":"https:\/\/www.empack-schweiz.ch\/fr\/blog-du-salon\/","title":{"rendered":"Blog du salon"},"content":{"rendered":"\t\t<div data-elementor-type=\"wp-page\" data-elementor-id=\"127181\" class=\"elementor elementor-127181 elementor-26914\" data-elementor-post-type=\"page\">\n\t\t\t\t\t\t<section class=\"elementor-section elementor-top-section elementor-element elementor-element-3394a059 elementor-section-content-middle elementor-section-full_width elementor-section-height-default elementor-section-height-default\" data-id=\"3394a059\" data-element_type=\"section\">\n\t\t\t\t\t\t<div class=\"elementor-container elementor-column-gap-no\">\n\t\t\t\t\t<div class=\"elementor-column elementor-col-50 elementor-top-column elementor-element elementor-element-17da75ba\" data-id=\"17da75ba\" data-element_type=\"column\" data-settings=\"{&quot;background_background&quot;:&quot;classic&quot;}\">\n\t\t\t<div class=\"elementor-widget-wrap elementor-element-populated\">\n\t\t\t\t\t\t<div class=\"elementor-element elementor-element-3d8b86bc elementor-widget elementor-widget-spacer\" data-id=\"3d8b86bc\" data-element_type=\"widget\" data-widget_type=\"spacer.default\">\n\t\t\t\t<div class=\"elementor-widget-container\">\n\t\t\t\t\t\t\t<div class=\"elementor-spacer\">\n\t\t\t<div class=\"elementor-spacer-inner\"><\/div>\n\t\t<\/div>\n\t\t\t\t\t\t<\/div>\n\t\t\t\t<\/div>\n\t\t\t\t\t<\/div>\n\t\t<\/div>\n\t\t\t\t<div class=\"elementor-column elementor-col-50 elementor-top-column elementor-element elementor-element-290129c1\" data-id=\"290129c1\" data-element_type=\"column\" data-settings=\"{&quot;background_background&quot;:&quot;classic&quot;}\">\n\t\t\t<div class=\"elementor-widget-wrap elementor-element-populated\">\n\t\t\t\t\t\t<div class=\"elementor-element elementor-element-212dc032 elementor-widget elementor-widget-heading\" data-id=\"212dc032\" data-element_type=\"widget\" data-widget_type=\"heading.default\">\n\t\t\t\t<div class=\"elementor-widget-container\">\n\t\t\t\t\t<h5 class=\"elementor-heading-title elementor-size-default\">Aper\u00e7u de l'industrie<\/h5>\t\t\t\t<\/div>\n\t\t\t\t<\/div>\n\t\t\t\t<div class=\"elementor-element elementor-element-46a8dad4 elementor-widget elementor-widget-heading\" data-id=\"46a8dad4\" data-element_type=\"widget\" data-widget_type=\"heading.default\">\n\t\t\t\t<div class=\"elementor-widget-container\">\n\t\t\t\t\t<h2 class=\"elementor-heading-title elementor-size-default\">Aper\u00e7u de l'industrie <u>EMPACK<\/u><\/h2>\t\t\t\t<\/div>\n\t\t\t\t<\/div>\n\t\t\t\t<div class=\"elementor-element elementor-element-17f0708a elementor-widget elementor-widget-text-editor\" data-id=\"17f0708a\" data-element_type=\"widget\" data-widget_type=\"text-editor.default\">\n\t\t\t\t<div class=\"elementor-widget-container\">\n\t\t\t\t\t\t\t\t\t<p>Pour la communaut\u00e9 suisse de l&#8217;emballage<\/p>\n\t\t\t\t\t\t\t\t<\/div>\n\t\t\t\t<\/div>\n\t\t\t\t\t<\/div>\n\t\t<\/div>\n\t\t\t\t\t<\/div>\n\t\t<\/section>\n\t\t\t\t<section class=\"elementor-section elementor-top-section elementor-element elementor-element-3acc7a8f elementor-section-boxed elementor-section-height-default elementor-section-height-default\" data-id=\"3acc7a8f\" data-element_type=\"section\" id=\"content\">\n\t\t\t\t\t\t<div class=\"elementor-container elementor-column-gap-no\">\n\t\t\t\t\t<div class=\"elementor-column elementor-col-50 elementor-top-column elementor-element elementor-element-bd133d4\" data-id=\"bd133d4\" data-element_type=\"column\">\n\t\t\t<div class=\"elementor-widget-wrap elementor-element-populated\">\n\t\t\t\t\t\t<div class=\"elementor-element elementor-element-2743dcb3 elementor-widget elementor-widget-button\" data-id=\"2743dcb3\" data-element_type=\"widget\" data-widget_type=\"button.default\">\n\t\t\t\t<div class=\"elementor-widget-container\">\n\t\t\t\t\t\t\t\t\t<div class=\"elementor-button-wrapper\">\n\t\t\t\t\t<a class=\"elementor-button elementor-size-sm\" role=\"button\">\n\t\t\t\t\t\t<span class=\"elementor-button-content-wrapper\">\n\t\t\t\t\t\t\t\t\t<span class=\"elementor-button-text\">Articles les plus populaires<\/span>\n\t\t\t\t\t<\/span>\n\t\t\t\t\t<\/a>\n\t\t\t\t<\/div>\n\t\t\t\t\t\t\t\t<\/div>\n\t\t\t\t<\/div>\n\t\t\t\t<div class=\"elementor-element elementor-element-1ed0c756 elementor-grid-1 elementor-posts--thumbnail-none elementor-grid-tablet-2 elementor-grid-mobile-1 elementor-widget elementor-widget-posts\" data-id=\"1ed0c756\" data-element_type=\"widget\" data-settings=\"{&quot;classic_columns&quot;:&quot;1&quot;,&quot;classic_columns_tablet&quot;:&quot;2&quot;,&quot;classic_columns_mobile&quot;:&quot;1&quot;,&quot;classic_row_gap&quot;:{&quot;unit&quot;:&quot;px&quot;,&quot;size&quot;:35,&quot;sizes&quot;:[]},&quot;classic_row_gap_tablet&quot;:{&quot;unit&quot;:&quot;px&quot;,&quot;size&quot;:&quot;&quot;,&quot;sizes&quot;:[]},&quot;classic_row_gap_mobile&quot;:{&quot;unit&quot;:&quot;px&quot;,&quot;size&quot;:&quot;&quot;,&quot;sizes&quot;:[]}}\" data-widget_type=\"posts.classic\">\n\t\t\t\t<div class=\"elementor-widget-container\">\n\t\t\t\t\t\t\t<div class=\"elementor-posts-container elementor-posts elementor-posts--skin-classic elementor-grid\" role=\"list\">\n\t\t\t\t<article class=\"elementor-post elementor-grid-item post-181954 post type-post status-publish format-standard has-post-thumbnail hentry category-podcast-fr tag-advanced-recycling-fr tag-co2-transparenz-fr tag-innovation-fr tag-myclimate-fr tag-saropack-fr\" role=\"listitem\">\n\t\t\t\t<div class=\"elementor-post__text\">\n\t\t\t\t<p class=\"elementor-post__title\">\n\t\t\t<a href=\"https:\/\/www.empack-schweiz.ch\/fr\/2025\/11\/21\/podcast-mit-urs-stillhard-geschaftsleiter-saropack-ottavio-scata-teamleiter-corporate-partnership-bei-der-stiftung-myclimate\/\" >\n\t\t\t\tPodcast avec Urs Stillhard, directeur g\u00e9n\u00e9ral de Saropack, et Ottavio Scat\u00e0, chef d&rsquo;\u00e9quipe Corporate Partnership \u00e0 la fondation myclimate.\t\t\t<\/a>\n\t\t<\/p>\n\t\t\t\t<\/div>\n\t\t\t\t<\/article>\n\t\t\t\t<article class=\"elementor-post elementor-grid-item post-181928 post type-post status-publish format-standard has-post-thumbnail hentry category-interview-fr tag-empack-fr tag-packaging-emballage tag-swiss-recycling-fr\" role=\"listitem\">\n\t\t\t\t<div class=\"elementor-post__text\">\n\t\t\t\t<p class=\"elementor-post__title\">\n\t\t\t<a href=\"https:\/\/www.empack-schweiz.ch\/fr\/2025\/11\/21\/empack-stellt-5-fragen-an-rahel-ostgen-co-geschaftsleiterin-swiss-recycle\/\" >\n\t\t\t\tEMPACK pose 5 questions \u00e0 Rahel Ostgen, codirectrice g\u00e9n\u00e9rale de SWISS RECYCLE\t\t\t<\/a>\n\t\t<\/p>\n\t\t\t\t<\/div>\n\t\t\t\t<\/article>\n\t\t\t\t<article class=\"elementor-post elementor-grid-item post-174123 post type-post status-publish format-standard has-post-thumbnail hentry category-article-fr tag-lindustrie-de-lemballage\" role=\"listitem\">\n\t\t\t\t<div class=\"elementor-post__text\">\n\t\t\t\t<p class=\"elementor-post__title\">\n\t\t\t<a href=\"https:\/\/www.empack-schweiz.ch\/fr\/2025\/09\/04\/industrie-de-lemballage-de-nouvelles-opportunites-grace-aux-directives-europeennes\/\" >\n\t\t\t\tIndustrie de l&#8217;emballage : de nouvelles opportunit\u00e9s gr\u00e2ce aux directives europ\u00e9ennes ?\t\t\t<\/a>\n\t\t<\/p>\n\t\t\t\t<\/div>\n\t\t\t\t<\/article>\n\t\t\t\t<\/div>\n\t\t\n\t\t\t\t\t\t<\/div>\n\t\t\t\t<\/div>\n\t\t\t\t<div class=\"elementor-element elementor-element-468fc173 elementor-widget elementor-widget-button\" data-id=\"468fc173\" data-element_type=\"widget\" data-widget_type=\"button.default\">\n\t\t\t\t<div class=\"elementor-widget-container\">\n\t\t\t\t\t\t\t\t\t<div class=\"elementor-button-wrapper\">\n\t\t\t\t\t<a class=\"elementor-button elementor-size-sm\" role=\"button\">\n\t\t\t\t\t\t<span class=\"elementor-button-content-wrapper\">\n\t\t\t\t\t\t\t\t\t<span class=\"elementor-button-text\">Autres contributions<\/span>\n\t\t\t\t\t<\/span>\n\t\t\t\t\t<\/a>\n\t\t\t\t<\/div>\n\t\t\t\t\t\t\t\t<\/div>\n\t\t\t\t<\/div>\n\t\t\t\t\t<\/div>\n\t\t<\/div>\n\t\t\t\t<div class=\"elementor-column elementor-col-50 elementor-top-column elementor-element elementor-element-559b8f63\" data-id=\"559b8f63\" data-element_type=\"column\" data-settings=\"{&quot;background_background&quot;:&quot;classic&quot;}\">\n\t\t\t<div class=\"elementor-widget-wrap elementor-element-populated\">\n\t\t\t\t\t\t<div class=\"elementor-element elementor-element-44a8263b elementor-posts--thumbnail-header elementor-grid-3 elementor-grid-tablet-2 elementor-grid-mobile-1 elementor-card-shadow-yes elementor-posts__hover-gradient elementor-widget elementor-widget-posts\" data-id=\"44a8263b\" data-element_type=\"widget\" data-settings=\"{&quot;cards_wex_columns&quot;:&quot;3&quot;,&quot;cards_wex_columns_tablet&quot;:&quot;2&quot;,&quot;cards_wex_columns_mobile&quot;:&quot;1&quot;,&quot;cards_wex_row_gap&quot;:{&quot;unit&quot;:&quot;px&quot;,&quot;size&quot;:35,&quot;sizes&quot;:[]},&quot;cards_wex_row_gap_tablet&quot;:{&quot;unit&quot;:&quot;px&quot;,&quot;size&quot;:&quot;&quot;,&quot;sizes&quot;:[]},&quot;cards_wex_row_gap_mobile&quot;:{&quot;unit&quot;:&quot;px&quot;,&quot;size&quot;:&quot;&quot;,&quot;sizes&quot;:[]}}\" data-widget_type=\"posts.cards_wex\">\n\t\t\t\t<div class=\"elementor-widget-container\">\n\t\t\t\t\t\t\t<div class=\"elementor-posts-container elementor-posts elementor-posts--skin-cards elementor-grid\" role=\"list\">\n\t\t\t\t<article class=\"elementor-post elementor-grid-item post-181954 post type-post status-publish format-standard has-post-thumbnail hentry category-podcast-fr tag-advanced-recycling-fr tag-co2-transparenz-fr tag-innovation-fr tag-myclimate-fr tag-saropack-fr\" role=\"listitem\">\n\t\t\t<div class=\"elementor-post__card\">\n\t\t        <a class=\"elementor-post__thumbnail__link\" href=\"https:\/\/www.empack-schweiz.ch\/fr\/2025\/11\/21\/podcast-mit-urs-stillhard-geschaftsleiter-saropack-ottavio-scata-teamleiter-corporate-partnership-bei-der-stiftung-myclimate\/\">\n            <div class=\"elementor-post__thumbnail\"><img fetchpriority=\"high\" decoding=\"async\" width=\"300\" height=\"300\" src=\"https:\/\/easyfairsassets.com\/sites\/95\/2025\/11\/Podcast-Cover_EMPACK-2026-300x300.jpg\" class=\"attachment-medium size-medium wp-image-181934\" alt=\"\" srcset=\"https:\/\/easyfairsassets.com\/sites\/95\/2025\/11\/Podcast-Cover_EMPACK-2026-300x300.jpg 300w, https:\/\/easyfairsassets.com\/sites\/95\/2025\/11\/Podcast-Cover_EMPACK-2026-1024x1024.jpg 1024w, https:\/\/easyfairsassets.com\/sites\/95\/2025\/11\/Podcast-Cover_EMPACK-2026-150x150.jpg 150w, https:\/\/easyfairsassets.com\/sites\/95\/2025\/11\/Podcast-Cover_EMPACK-2026-768x768.jpg 768w, https:\/\/easyfairsassets.com\/sites\/95\/2025\/11\/Podcast-Cover_EMPACK-2026-1536x1536.jpg 1536w, https:\/\/easyfairsassets.com\/sites\/95\/2025\/11\/Podcast-Cover_EMPACK-2026.jpg 1920w\" sizes=\"(max-width: 300px) 100vw, 300px\" \/><\/div>\n        <\/a>\n                    <div class=\"elementor-post__badge\">Podcast<\/div>\n            \t\t<div class=\"elementor-post__text\">\n\t\t\n            <small style=\"color: #dd;\">\n                            <\/small>\n\n            \t\t<h3 class=\"elementor-post__title\">\n\t\t\t<a href=\"https:\/\/www.empack-schweiz.ch\/fr\/2025\/11\/21\/podcast-mit-urs-stillhard-geschaftsleiter-saropack-ottavio-scata-teamleiter-corporate-partnership-bei-der-stiftung-myclimate\/\" >\n\t\t\t\tPodcast avec Urs Stillhard, directeur g\u00e9n\u00e9ral de Saropack, et Ottavio Scat\u00e0, chef d&rsquo;\u00e9quipe Corporate Partnership \u00e0 la fondation myclimate.\t\t\t<\/a>\n\t\t<\/h3>\n\t\t        <a href=\"https:\/\/www.empack-schweiz.ch\/fr\/2025\/11\/21\/podcast-mit-urs-stillhard-geschaftsleiter-saropack-ottavio-scata-teamleiter-corporate-partnership-bei-der-stiftung-myclimate\/\" class=\"elementor-post__excerpt\">\n            <p class=\"MsoNormal\">\u00c0 l&rsquo;occasion du salon \u00ab EMPACK 2026 \u00bb, nous avons discut\u00e9 avec Urs Stillhard, directeur g\u00e9n\u00e9ral de Saropack, et Ottavio Scat\u00e0, chef d&rsquo;\u00e9quipe Corporate Partnerships \u00e0 la fondation myclimate. Au cours de cette conversation, nous d\u00e9couvrons non seulement comment mesurer la durabilit\u00e9, mais aussi comment l&rsquo;innovation, le recyclage avanc\u00e9 et la transparence en mati\u00e8re de CO\u2082 transforment le monde de l&#8217;emballage.<\/p>\n        <\/a>\n        \n\t\t<a class=\"elementor-post__read-more\" href=\"https:\/\/www.empack-schweiz.ch\/fr\/2025\/11\/21\/podcast-mit-urs-stillhard-geschaftsleiter-saropack-ottavio-scata-teamleiter-corporate-partnership-bei-der-stiftung-myclimate\/\" aria-label=\"Read more about Podcast avec Urs Stillhard, directeur g\u00e9n\u00e9ral de Saropack, et Ottavio Scat\u00e0, chef d&rsquo;\u00e9quipe Corporate Partnership \u00e0 la fondation myclimate.\" tabindex=\"-1\" >\n\t\t\tLire la suite \u00bb\t\t<\/a>\n\n\t\t        <div class=\"elementor-post__meta-data\">\n            \t\t<span class=\"elementor-post-date\">\n\t\t\t21 novembre 2025\t\t<\/span>\n\t\t\t\t<span class=\"elementor-post-avatar\">\n\t\t\tPas de commentaire\t\t<\/span>\n\t\t        <\/div>\n        \t\t<\/div>\n\t\t\t\t\t<\/div>\n\t\t<\/article>\n\t\t\t\t<article class=\"elementor-post elementor-grid-item post-181928 post type-post status-publish format-standard has-post-thumbnail hentry category-interview-fr tag-empack-fr tag-packaging-emballage tag-swiss-recycling-fr\" role=\"listitem\">\n\t\t\t<div class=\"elementor-post__card\">\n\t\t        <a class=\"elementor-post__thumbnail__link\" href=\"https:\/\/www.empack-schweiz.ch\/fr\/2025\/11\/21\/empack-stellt-5-fragen-an-rahel-ostgen-co-geschaftsleiterin-swiss-recycle\/\">\n            <div class=\"elementor-post__thumbnail\"><img decoding=\"async\" width=\"300\" height=\"169\" src=\"https:\/\/easyfairsassets.com\/sites\/95\/2025\/11\/Rahel-Ostgen_5-Fragen-an-300x169.jpg\" class=\"attachment-medium size-medium wp-image-181909\" alt=\"\" srcset=\"https:\/\/easyfairsassets.com\/sites\/95\/2025\/11\/Rahel-Ostgen_5-Fragen-an-300x169.jpg 300w, https:\/\/easyfairsassets.com\/sites\/95\/2025\/11\/Rahel-Ostgen_5-Fragen-an-1024x576.jpg 1024w, https:\/\/easyfairsassets.com\/sites\/95\/2025\/11\/Rahel-Ostgen_5-Fragen-an-768x432.jpg 768w, https:\/\/easyfairsassets.com\/sites\/95\/2025\/11\/Rahel-Ostgen_5-Fragen-an-1536x864.jpg 1536w, https:\/\/easyfairsassets.com\/sites\/95\/2025\/11\/Rahel-Ostgen_5-Fragen-an.jpg 1920w\" sizes=\"(max-width: 300px) 100vw, 300px\" \/><\/div>\n        <\/a>\n                    <div class=\"elementor-post__badge\">Interview<\/div>\n            \t\t<div class=\"elementor-post__text\">\n\t\t\n            <small style=\"color: #dd;\">\n                            <\/small>\n\n            \t\t<h3 class=\"elementor-post__title\">\n\t\t\t<a href=\"https:\/\/www.empack-schweiz.ch\/fr\/2025\/11\/21\/empack-stellt-5-fragen-an-rahel-ostgen-co-geschaftsleiterin-swiss-recycle\/\" >\n\t\t\t\tEMPACK pose 5 questions \u00e0 Rahel Ostgen, codirectrice g\u00e9n\u00e9rale de SWISS RECYCLE\t\t\t<\/a>\n\t\t<\/h3>\n\t\t        <a href=\"https:\/\/www.empack-schweiz.ch\/fr\/2025\/11\/21\/empack-stellt-5-fragen-an-rahel-ostgen-co-geschaftsleiterin-swiss-recycle\/\" class=\"elementor-post__excerpt\">\n            <p>EMPACK pose 5 questions \u00e0 Rahel Ostgen, codirectrice g\u00e9n\u00e9rale de SWISS RECYCLE<\/p>\n        <\/a>\n        \n\t\t<a class=\"elementor-post__read-more\" href=\"https:\/\/www.empack-schweiz.ch\/fr\/2025\/11\/21\/empack-stellt-5-fragen-an-rahel-ostgen-co-geschaftsleiterin-swiss-recycle\/\" aria-label=\"Read more about EMPACK pose 5 questions \u00e0 Rahel Ostgen, codirectrice g\u00e9n\u00e9rale de SWISS RECYCLE\" tabindex=\"-1\" >\n\t\t\tLire la suite \u00bb\t\t<\/a>\n\n\t\t        <div class=\"elementor-post__meta-data\">\n            \t\t<span class=\"elementor-post-date\">\n\t\t\t21 novembre 2025\t\t<\/span>\n\t\t\t\t<span class=\"elementor-post-avatar\">\n\t\t\tPas de commentaire\t\t<\/span>\n\t\t        <\/div>\n        \t\t<\/div>\n\t\t\t\t\t<\/div>\n\t\t<\/article>\n\t\t\t\t<article class=\"elementor-post elementor-grid-item post-174123 post type-post status-publish format-standard has-post-thumbnail hentry category-article-fr tag-lindustrie-de-lemballage\" role=\"listitem\">\n\t\t\t<div class=\"elementor-post__card\">\n\t\t        <a class=\"elementor-post__thumbnail__link\" href=\"https:\/\/www.empack-schweiz.ch\/fr\/2025\/09\/04\/industrie-de-lemballage-de-nouvelles-opportunites-grace-aux-directives-europeennes\/\">\n            <div class=\"elementor-post__thumbnail\"><img decoding=\"async\" width=\"300\" height=\"169\" src=\"https:\/\/easyfairsassets.com\/sites\/95\/2025\/09\/PACK_Kreislaufwirtschaft_PPWR_Unsplash-300x169.jpg\" class=\"attachment-medium size-medium wp-image-174102\" alt=\"\" srcset=\"https:\/\/easyfairsassets.com\/sites\/95\/2025\/09\/PACK_Kreislaufwirtschaft_PPWR_Unsplash-300x169.jpg 300w, https:\/\/easyfairsassets.com\/sites\/95\/2025\/09\/PACK_Kreislaufwirtschaft_PPWR_Unsplash-1024x576.jpg 1024w, https:\/\/easyfairsassets.com\/sites\/95\/2025\/09\/PACK_Kreislaufwirtschaft_PPWR_Unsplash-768x432.jpg 768w, https:\/\/easyfairsassets.com\/sites\/95\/2025\/09\/PACK_Kreislaufwirtschaft_PPWR_Unsplash.jpg 1200w\" sizes=\"(max-width: 300px) 100vw, 300px\" \/><\/div>\n        <\/a>\n                    <div class=\"elementor-post__badge\">Article<\/div>\n            \t\t<div class=\"elementor-post__text\">\n\t\t\n            <small style=\"color: #dd;\">\n                            <\/small>\n\n            \t\t<h3 class=\"elementor-post__title\">\n\t\t\t<a href=\"https:\/\/www.empack-schweiz.ch\/fr\/2025\/09\/04\/industrie-de-lemballage-de-nouvelles-opportunites-grace-aux-directives-europeennes\/\" >\n\t\t\t\tIndustrie de l&#8217;emballage : de nouvelles opportunit\u00e9s gr\u00e2ce aux directives europ\u00e9ennes ?\t\t\t<\/a>\n\t\t<\/h3>\n\t\t        <a href=\"https:\/\/www.empack-schweiz.ch\/fr\/2025\/09\/04\/industrie-de-lemballage-de-nouvelles-opportunites-grace-aux-directives-europeennes\/\" class=\"elementor-post__excerpt\">\n            <p>Durabilit\u00e9, changement des comportements des consommateurs, augmentation des co\u00fbts des mati\u00e8res premi\u00e8res et de l&rsquo;\u00e9nergie, essor de l&rsquo;intelligence artificielle : les d\u00e9fis auxquels est confront\u00e9e l&rsquo;industrie europ\u00e9enne de l&#8217;emballage n&rsquo;ont pas diminu\u00e9 ces derni\u00e8res ann\u00e9es.<\/p>\n        <\/a>\n        \n\t\t<a class=\"elementor-post__read-more\" href=\"https:\/\/www.empack-schweiz.ch\/fr\/2025\/09\/04\/industrie-de-lemballage-de-nouvelles-opportunites-grace-aux-directives-europeennes\/\" aria-label=\"Read more about Industrie de l&#8217;emballage : de nouvelles opportunit\u00e9s gr\u00e2ce aux directives europ\u00e9ennes ?\" tabindex=\"-1\" >\n\t\t\tLire la suite \u00bb\t\t<\/a>\n\n\t\t        <div class=\"elementor-post__meta-data\">\n            \t\t<span class=\"elementor-post-date\">\n\t\t\t4 septembre 2025\t\t<\/span>\n\t\t\t\t<span class=\"elementor-post-avatar\">\n\t\t\tPas de commentaire\t\t<\/span>\n\t\t        <\/div>\n        \t\t<\/div>\n\t\t\t\t\t<\/div>\n\t\t<\/article>\n\t\t\t\t<\/div>\n\t\t\n\t\t\t\t\t\t<\/div>\n\t\t\t\t<\/div>\n\t\t\t\t<div class=\"elementor-element elementor-element-32f75b79 elementor-posts--thumbnail-header elementor-grid-3 elementor-grid-tablet-2 elementor-grid-mobile-1 elementor-card-shadow-yes elementor-posts__hover-gradient elementor-widget elementor-widget-posts\" data-id=\"32f75b79\" data-element_type=\"widget\" data-settings=\"{&quot;pagination_type&quot;:&quot;prev_next&quot;,&quot;cards_wex_row_gap&quot;:{&quot;unit&quot;:&quot;px&quot;,&quot;size&quot;:&quot;38&quot;,&quot;sizes&quot;:[]},&quot;cards_wex_columns&quot;:&quot;3&quot;,&quot;cards_wex_columns_tablet&quot;:&quot;2&quot;,&quot;cards_wex_columns_mobile&quot;:&quot;1&quot;,&quot;cards_wex_row_gap_tablet&quot;:{&quot;unit&quot;:&quot;px&quot;,&quot;size&quot;:&quot;&quot;,&quot;sizes&quot;:[]},&quot;cards_wex_row_gap_mobile&quot;:{&quot;unit&quot;:&quot;px&quot;,&quot;size&quot;:&quot;&quot;,&quot;sizes&quot;:[]}}\" data-widget_type=\"posts.cards_wex\">\n\t\t\t\t<div class=\"elementor-widget-container\">\n\t\t\t\t\t\t\t<div class=\"elementor-posts-container elementor-posts elementor-posts--skin-cards elementor-grid\" role=\"list\">\n\t\t<div class=\"elementor-nothing-found elementor-posts-nothing-found\"><\/div>\t\t<\/div>\n\t\t\n\t\t\t\t\t\t<\/div>\n\t\t\t\t<\/div>\n\t\t\t\t\t<\/div>\n\t\t<\/div>\n\t\t\t\t\t<\/div>\n\t\t<\/section>\n\t\t\t\t<section class=\"elementor-section elementor-top-section elementor-element elementor-element-2c9b4c43 elementor-section-content-middle elementor-section-boxed elementor-section-height-default elementor-section-height-default\" data-id=\"2c9b4c43\" data-element_type=\"section\" data-settings=\"{&quot;background_background&quot;:&quot;classic&quot;}\">\n\t\t\t\t\t\t<div class=\"elementor-container elementor-column-gap-default\">\n\t\t\t\t\t<div class=\"elementor-column elementor-col-50 elementor-top-column elementor-element elementor-element-97265fb\" data-id=\"97265fb\" data-element_type=\"column\" data-settings=\"{&quot;background_background&quot;:&quot;classic&quot;}\">\n\t\t\t<div class=\"elementor-widget-wrap elementor-element-populated\">\n\t\t\t\t\t\t<div class=\"elementor-element elementor-element-57b3581a elementor-align-right elementor-mobile-align-center elementor-widget elementor-widget-lottie\" data-id=\"57b3581a\" data-element_type=\"widget\" data-settings=\"{&quot;source_json&quot;:{&quot;url&quot;:&quot;https:\\\/\\\/www.empack-schweiz.ch\\\/wp-content\\\/uploads\\\/sites\\\/95\\\/2022\\\/09\\\/721-hand-with-phone-outline-edited.json&quot;,&quot;id&quot;:35417,&quot;size&quot;:&quot;&quot;,&quot;alt&quot;:&quot;&quot;,&quot;source&quot;:&quot;library&quot;},&quot;source&quot;:&quot;media_file&quot;,&quot;caption_source&quot;:&quot;none&quot;,&quot;link_to&quot;:&quot;none&quot;,&quot;trigger&quot;:&quot;arriving_to_viewport&quot;,&quot;viewport&quot;:{&quot;unit&quot;:&quot;%&quot;,&quot;size&quot;:&quot;&quot;,&quot;sizes&quot;:{&quot;start&quot;:0,&quot;end&quot;:100}},&quot;play_speed&quot;:{&quot;unit&quot;:&quot;px&quot;,&quot;size&quot;:1,&quot;sizes&quot;:[]},&quot;start_point&quot;:{&quot;unit&quot;:&quot;%&quot;,&quot;size&quot;:0,&quot;sizes&quot;:[]},&quot;end_point&quot;:{&quot;unit&quot;:&quot;%&quot;,&quot;size&quot;:100,&quot;sizes&quot;:[]},&quot;renderer&quot;:&quot;svg&quot;}\" data-widget_type=\"lottie.default\">\n\t\t\t\t<div class=\"elementor-widget-container\">\n\t\t\t\t\t<div class=\"e-lottie__container\"><div class=\"e-lottie__animation\"><\/div><\/div>\t\t\t\t<\/div>\n\t\t\t\t<\/div>\n\t\t\t\t\t<\/div>\n\t\t<\/div>\n\t\t\t\t<div class=\"elementor-column elementor-col-50 elementor-top-column elementor-element elementor-element-204bb19c\" data-id=\"204bb19c\" data-element_type=\"column\" data-settings=\"{&quot;background_background&quot;:&quot;classic&quot;}\">\n\t\t\t<div class=\"elementor-widget-wrap elementor-element-populated\">\n\t\t\t\t\t\t<div class=\"elementor-element elementor-element-356e625a elementor-widget elementor-widget-heading\" data-id=\"356e625a\" data-element_type=\"widget\" data-widget_type=\"heading.default\">\n\t\t\t\t<div class=\"elementor-widget-container\">\n\t\t\t\t\t<h5 class=\"elementor-heading-title elementor-size-default\">Entrez en contact <\/h5>\t\t\t\t<\/div>\n\t\t\t\t<\/div>\n\t\t\t\t<div class=\"elementor-element elementor-element-486ff2e2 elementor-widget elementor-widget-heading\" data-id=\"486ff2e2\" data-element_type=\"widget\" data-widget_type=\"heading.default\">\n\t\t\t\t<div class=\"elementor-widget-container\">\n\t\t\t\t\t<h2 class=\"elementor-heading-title elementor-size-default\">Get in Touch with us - avant, pendant et apr\u00e8s le salon ! Nous sommes \u00e9galement pr\u00e9sents sur les canaux de m\u00e9dias sociaux. Nous nous r\u00e9jouissons de recevoir des likes, des retweets, des questions, des commentaires et des contributions.<\/h2>\t\t\t\t<\/div>\n\t\t\t\t<\/div>\n\t\t\t\t<section class=\"elementor-section elementor-inner-section elementor-element elementor-element-b3c4532 elementor-section-boxed elementor-section-height-default elementor-section-height-default\" data-id=\"b3c4532\" data-element_type=\"section\">\n\t\t\t\t\t\t<div class=\"elementor-container elementor-column-gap-no\">\n\t\t\t\t\t<div class=\"elementor-column elementor-col-25 elementor-inner-column elementor-element elementor-element-b8ba61a\" data-id=\"b8ba61a\" data-element_type=\"column\">\n\t\t\t<div class=\"elementor-widget-wrap elementor-element-populated\">\n\t\t\t\t\t\t<div class=\"elementor-element elementor-element-7ae7130 elementor-mobile-align-center elementor-widget elementor-widget-button\" data-id=\"7ae7130\" data-element_type=\"widget\" data-widget_type=\"button.default\">\n\t\t\t\t<div class=\"elementor-widget-container\">\n\t\t\t\t\t\t\t\t\t<div class=\"elementor-button-wrapper\">\n\t\t\t\t\t<a class=\"elementor-button elementor-button-link elementor-size-sm\" href=\"https:\/\/twitter.com\/verpackung_CH\" target=\"_blank\">\n\t\t\t\t\t\t<span class=\"elementor-button-content-wrapper\">\n\t\t\t\t\t\t<span class=\"elementor-button-icon\">\n\t\t\t\t<i aria-hidden=\"true\" class=\"fab fa-twitter\"><\/i>\t\t\t<\/span>\n\t\t\t\t\t\t\t\t\t<span class=\"elementor-button-text\">Twitter<\/span>\n\t\t\t\t\t<\/span>\n\t\t\t\t\t<\/a>\n\t\t\t\t<\/div>\n\t\t\t\t\t\t\t\t<\/div>\n\t\t\t\t<\/div>\n\t\t\t\t\t<\/div>\n\t\t<\/div>\n\t\t\t\t<div class=\"elementor-column elementor-col-25 elementor-inner-column elementor-element elementor-element-17634c2\" data-id=\"17634c2\" data-element_type=\"column\">\n\t\t\t<div class=\"elementor-widget-wrap elementor-element-populated\">\n\t\t\t\t\t\t<div class=\"elementor-element elementor-element-945f0f9 elementor-mobile-align-center elementor-widget elementor-widget-button\" data-id=\"945f0f9\" data-element_type=\"widget\" data-widget_type=\"button.default\">\n\t\t\t\t<div class=\"elementor-widget-container\">\n\t\t\t\t\t\t\t\t\t<div class=\"elementor-button-wrapper\">\n\t\t\t\t\t<a class=\"elementor-button elementor-button-link elementor-size-sm\" href=\"https:\/\/www.xing.com\/communities\/groups\/empack-und-packaging-innovations-2019-68d4-1092587\" target=\"_blank\">\n\t\t\t\t\t\t<span class=\"elementor-button-content-wrapper\">\n\t\t\t\t\t\t<span class=\"elementor-button-icon\">\n\t\t\t\t<i aria-hidden=\"true\" class=\"fab fa-xing\"><\/i>\t\t\t<\/span>\n\t\t\t\t\t\t\t\t\t<span class=\"elementor-button-text\">Xing<\/span>\n\t\t\t\t\t<\/span>\n\t\t\t\t\t<\/a>\n\t\t\t\t<\/div>\n\t\t\t\t\t\t\t\t<\/div>\n\t\t\t\t<\/div>\n\t\t\t\t\t<\/div>\n\t\t<\/div>\n\t\t\t\t<div class=\"elementor-column elementor-col-25 elementor-inner-column elementor-element elementor-element-207ec8f\" data-id=\"207ec8f\" data-element_type=\"column\">\n\t\t\t<div class=\"elementor-widget-wrap elementor-element-populated\">\n\t\t\t\t\t\t<div class=\"elementor-element elementor-element-68d7e71 elementor-mobile-align-center elementor-widget elementor-widget-button\" data-id=\"68d7e71\" data-element_type=\"widget\" data-widget_type=\"button.default\">\n\t\t\t\t<div class=\"elementor-widget-container\">\n\t\t\t\t\t\t\t\t\t<div class=\"elementor-button-wrapper\">\n\t\t\t\t\t<a class=\"elementor-button elementor-button-link elementor-size-sm\" href=\"https:\/\/www.linkedin.com\/showcase\/verpackungsmessen-schweiz\/\" target=\"_blank\">\n\t\t\t\t\t\t<span class=\"elementor-button-content-wrapper\">\n\t\t\t\t\t\t<span class=\"elementor-button-icon\">\n\t\t\t\t<i aria-hidden=\"true\" class=\"fab fa-linkedin-in\"><\/i>\t\t\t<\/span>\n\t\t\t\t\t\t\t\t\t<span class=\"elementor-button-text\">LinkedIn<\/span>\n\t\t\t\t\t<\/span>\n\t\t\t\t\t<\/a>\n\t\t\t\t<\/div>\n\t\t\t\t\t\t\t\t<\/div>\n\t\t\t\t<\/div>\n\t\t\t\t\t<\/div>\n\t\t<\/div>\n\t\t\t\t<div class=\"elementor-column elementor-col-25 elementor-inner-column elementor-element elementor-element-6f56638\" data-id=\"6f56638\" data-element_type=\"column\">\n\t\t\t<div class=\"elementor-widget-wrap elementor-element-populated\">\n\t\t\t\t\t\t<div class=\"elementor-element elementor-element-957eaa6 elementor-mobile-align-center elementor-widget elementor-widget-button\" data-id=\"957eaa6\" data-element_type=\"widget\" data-widget_type=\"button.default\">\n\t\t\t\t<div class=\"elementor-widget-container\">\n\t\t\t\t\t\t\t\t\t<div class=\"elementor-button-wrapper\">\n\t\t\t\t\t<a class=\"elementor-button elementor-button-link elementor-size-sm\" href=\"https:\/\/www.youtube.com\/channel\/UCovK9XW5A8NzDRSk7jGo3mw\/videos\" target=\"_blank\">\n\t\t\t\t\t\t<span class=\"elementor-button-content-wrapper\">\n\t\t\t\t\t\t<span class=\"elementor-button-icon\">\n\t\t\t\t<i aria-hidden=\"true\" class=\"fab fa-youtube\"><\/i>\t\t\t<\/span>\n\t\t\t\t\t\t\t\t\t<span class=\"elementor-button-text\">YouTube<\/span>\n\t\t\t\t\t<\/span>\n\t\t\t\t\t<\/a>\n\t\t\t\t<\/div>\n\t\t\t\t\t\t\t\t<\/div>\n\t\t\t\t<\/div>\n\t\t\t\t\t<\/div>\n\t\t<\/div>\n\t\t\t\t\t<\/div>\n\t\t<\/section>\n\t\t\t\t\t<\/div>\n\t\t<\/div>\n\t\t\t\t\t<\/div>\n\t\t<\/section>\n\t\t\t\t<\/div>\n\t\t","protected":false},"excerpt":{"rendered":"<p>Aper\u00e7u de l&rsquo;industrie Aper\u00e7u de l&rsquo;industrie EMPACK Pour la communaut\u00e9 suisse de l&#8217;emballage Articles les plus populaires Autres contributions Entrez en contact Get in Touch<\/p>\n","protected":false},"author":1,"featured_media":0,"parent":0,"menu_order":0,"comment_status":"closed","ping_status":"closed","template":"","meta":{"_seopress_robots_primary_cat":"","_seopress_titles_title":"Blog du salon EMPACK Schweiz","_seopress_titles_desc":"News et Industry Insights directement issus du secteur de l'emballage","_seopress_robots_index":"","footnotes":""},"class_list":["post-127181","page","type-page","status-publish","hentry"],"_links":{"self":[{"href":"https:\/\/www.empack-schweiz.ch\/fr\/wp-json\/wp\/v2\/pages\/127181","targetHints":{"allow":["GET"]}}],"collection":[{"href":"https:\/\/www.empack-schweiz.ch\/fr\/wp-json\/wp\/v2\/pages"}],"about":[{"href":"https:\/\/www.empack-schweiz.ch\/fr\/wp-json\/wp\/v2\/types\/page"}],"author":[{"embeddable":true,"href":"https:\/\/www.empack-schweiz.ch\/fr\/wp-json\/wp\/v2\/users\/1"}],"replies":[{"embeddable":true,"href":"https:\/\/www.empack-schweiz.ch\/fr\/wp-json\/wp\/v2\/comments?post=127181"}],"version-history":[{"count":5,"href":"https:\/\/www.empack-schweiz.ch\/fr\/wp-json\/wp\/v2\/pages\/127181\/revisions"}],"predecessor-version":[{"id":174141,"href":"https:\/\/www.empack-schweiz.ch\/fr\/wp-json\/wp\/v2\/pages\/127181\/revisions\/174141"}],"wp:attachment":[{"href":"https:\/\/www.empack-schweiz.ch\/fr\/wp-json\/wp\/v2\/media?parent=127181"}],"curies":[{"name":"wp","href":"https:\/\/api.w.org\/{rel}","templated":true}]}}